{"id":5973,"date":"2024-04-16T20:28:42","date_gmt":"2024-04-16T18:28:42","guid":{"rendered":"https:\/\/esthetic.sk\/hydration-of-the-skin\/"},"modified":"2024-04-16T20:28:42","modified_gmt":"2024-04-16T18:28:42","slug":"hydration-of-the-skin","status":"publish","type":"page","link":"https:\/\/esthetic.sk\/en\/hydration-of-the-skin\/","title":{"rendered":"Hydration of the skin"},"content":{"rendered":"<style>#main {display:none}\n.page-content-in {margin:0px auto; max-width:100%; padding:0}\n.page-content-in .entry-content {display:bliock; margin:0px auto; max-width:100%; padding:0px;}\n.page-content {margin:0px auto; max-width:100%; padding:0}\n.page-content-in .entry-content #video {width:100%; max-width:100%; padding:0; margin:0px auto; width:100%;}\n.page-content-in .entry-header {display:none}\n#telo-novinka #c-banner {width:100%;max-width:100%;padding:0;margin:0px auto;width:100%;position: relative;}\n#telo-novinka #c-banner h1 {position:absolute;top: 17%;left: 5%;max-width: 510px;}\n#telo-novinka #c-banner a {position:absolute;bottom: 30%;left: 5%;right: initial; background: rgb(244,131,104);\nbackground: linear-gradient(90deg, rgba(244,131,104,1) 0%, rgba(253,193,100,1) 100%); transition: all .3s}\n#telo-novinka #c-banner a:hover {transform:scale(1.2)}\n#kh-vianoce #telo-novinka.telo2 {background-image:none; background-color:#f2f2f4; }\n#telo-novinka #c-banner:after {content:\"\"; display:block; width:100%; height:100px; background: rgb(242,242,244);\nbackground: linear-gradient(180deg, rgba(242,242,244,0) 0%, rgba(242,242,244,1) 100%); position:absolute; bottom:0;}\n#bdg {float:right;max-width: 150px!important;transition: all .3s;background-color: transparent!important; right:5%; bottom:40%; z-index:99; position:absolute;}\n#bdg:hover {transform:scale(1.2)}\n@media only screen and (max-width: 880px){\n#telo-novinka #c-banner a {position:relative}\n#telo-novinka #c-banner h1 {position:relative}\n#bdg  {position:relative}\n#telo-novinka #c-banner:after {z-index:-1;}\n#telo-novinka #c-banner video:after {content:\"\"; display:block; width:100%; height:100px; background: rgb(242,242,244);\nbackground: linear-gradient(180deg, rgba(242,242,244,0) 0%, rgba(242,242,244,1) 100%); position:absolute; bottom:0;}\n}\n<\/style><div id=\"kh-vianoce\"><div id=\"telo-novinka\" class=\"telo2\"><div id=\"c-banner\"><video id=\"video\" class=\"v2\" preload=\"auto\" muted=\"\" autoplay=\"\" playsinline=\"\" loop=\"\"><source src=\"https:\/\/esthetic.sk\/wp-content\/uploads\/2023\/01\/nl-hydratacia-hydratacia-2.mp4\" type=\"video\/mp4\"><source src=\"https:\/\/esthetic.sk\/wp-content\/uploads\/2023\/01\/nl-hydratacia-hydratacia-2.mp4\" type=\"video\/webm\"><\/video><img loading=\"lazy\" decoding=\"async\" id=\"bdg\" src=\"https:\/\/esthetic.sk\/wp-content\/uploads\/2023\/01\/badge.png\" alt=\"\" width=\"369\" height=\"369\" class=\"alignnone size-full wp-image-3519\" srcset=\"https:\/\/esthetic.sk\/wp-content\/uploads\/2023\/01\/badge.png 369w, https:\/\/esthetic.sk\/wp-content\/uploads\/2023\/01\/badge-300x300.png 300w, https:\/\/esthetic.sk\/wp-content\/uploads\/2023\/01\/badge-100x100.png 100w, https:\/\/esthetic.sk\/wp-content\/uploads\/2023\/01\/badge-80x80.png 80w\" sizes=\"(max-width: 369px) 100vw, 369px\" \/><h1>Za\u010dnite nov\u00fd rok <br\/>s dokonalou hydrat\u00e1ciou pleti<\/h1><a href=\"#objednavka\">objednajte sa <\/a><\/div><div id=\"sandra-copy\"><div><br\/><br\/><strong>Za\u010dnite nov\u00fd rok <br\/>s dokonalou hydrat\u00e1ciou pleti<\/strong><br\/><br\/>Zima je obdob\u00edm, kedy je na\u0161a ple\u0165 najviac sk\u00fa\u0161an\u00e1, pr\u00e1ve preto sme pre V\u00e1s pripravili v\u00fdnimo\u010dn\u00fa z\u013eavu v hodnote a\u017e 100 \u20ac na aplik\u00e1ciou produktov Profhilo a Jalupro. Pom\u00f4\u017eeme V\u00e1m zlep\u0161i\u0165 celkov\u00fa kvalitu ko\u017ee, dosiahneme obnovu hydrat\u00e1cie, kolag\u00e9nu a elast\u00ednu.\n<br\/><br\/><ul><li>P\u00f4vodn\u00e1 cena <span>450 \u20ac<\/span> aktu\u00e1lne <b>350 \u20ac<\/b>.<\/li><\/ul><br\/><p><\/p><\/div><\/div><div id=\"objednavka\"><h3>Chcem sa objedna\u0165 <br\/><span>Do pozn\u00e1mky n\u00e1m nap\u00ed\u0161te \u010di objedn\u00e1vate z\u00e1krok pre seba alebo ako dar\u010dek pre niekoho in\u00e9ho<\/span><\/h3>\n<div class=\"wpcf7 no-js\" id=\"wpcf7-f6560-o1\" lang=\"en-US\" dir=\"ltr\">\n<div class=\"screen-reader-response\"><p role=\"status\" aria-live=\"polite\" aria-atomic=\"true\"><\/p> <ul><\/ul><\/div>\n<form action=\"\/en\/wp-json\/wp\/v2\/pages\/5973#wpcf7-f6560-o1\" method=\"post\" class=\"wpcf7-form init wpcf7-acceptance-as-validation\" aria-label=\"Contact form\" novalidate=\"novalidate\" data-status=\"init\">\n<div style=\"display: none;\">\n<input type=\"hidden\" name=\"_wpcf7\" value=\"6560\" \/>\n<input type=\"hidden\" name=\"_wpcf7_version\" value=\"5.9.8\" \/>\n<input type=\"hidden\" name=\"_wpcf7_locale\" value=\"en_US\" \/>\n<input type=\"hidden\" name=\"_wpcf7_unit_tag\" value=\"wpcf7-f6560-o1\" \/>\n<input type=\"hidden\" name=\"_wpcf7_container_post\" value=\"0\" \/>\n<input type=\"hidden\" name=\"_wpcf7_posted_data_hash\" value=\"\" \/>\n<input type=\"hidden\" name=\"_wpcf7_recaptcha_response\" value=\"\" \/>\n<\/div>\n<div class=\"big-form\">\n\t<div class=\"l-part\">\n\t\t<p><label><span class=\"p\">Your name<\/span><span class=\"wpcf7-form-control-wrap\" data-name=\"your-name\"><input size=\"40\" maxlength=\"400\" class=\"wpcf7-form-control wpcf7-text wpcf7-validates-as-required\" aria-required=\"true\" aria-invalid=\"false\" placeholder=\"Your name\" value=\"\" type=\"text\" name=\"your-name\" \/><\/span><\/label>\n\t\t<\/p>\n\t\t<p><label><br \/>\n<span class=\"p\">Your email*<\/span><br \/>\n<span class=\"wpcf7-form-control-wrap\" data-name=\"your-email\"><input size=\"40\" maxlength=\"400\" class=\"wpcf7-form-control wpcf7-text wpcf7-validates-as-required\" aria-required=\"true\" aria-invalid=\"false\" placeholder=\"Your email*\" value=\"\" type=\"text\" name=\"your-email\" \/><\/span><br \/>\n<\/label>\n\t\t<\/p>\n\t\t<p><label><br \/>\n<span class=\"p\">Phone<\/span><br \/>\n<span class=\"wpcf7-form-control-wrap\" data-name=\"your-phone\"><input size=\"40\" maxlength=\"400\" class=\"wpcf7-form-control wpcf7-tel wpcf7-validates-as-required wpcf7-text wpcf7-validates-as-tel\" aria-required=\"true\" aria-invalid=\"false\" placeholder=\"Phone\" value=\"\" type=\"tel\" name=\"your-phone\" \/><\/span><br \/>\n<\/label>\n\t\t<\/p>\n\t<\/div>\n\t<div class=\"r-part\">\n\t\t<p><label><br \/>\n<span class=\"datum-termin\">Choose your preferred surgery date<\/span><br \/>\n<span class=\"wpcf7-form-control-wrap\" data-name=\"date-411\"><input class=\"wpcf7-form-control wpcf7-date wpcf7-validates-as-date\" aria-invalid=\"false\" placeholder=\"Choose your preferred surgery date\" value=\"\" type=\"date\" name=\"date-411\" \/><\/span><br \/>\n<\/label>\n\t\t<\/p>\n\t\t<p><label><br \/>\n<span class=\"p\">Note<\/span><br \/>\n<span class=\"wpcf7-form-control-wrap\" data-name=\"your-message\"><textarea cols=\"40\" rows=\"10\" maxlength=\"2000\" class=\"wpcf7-form-control wpcf7-textarea\" aria-invalid=\"false\" placeholder=\"Note\" name=\"your-message\"><\/textarea><\/span><br \/>\n<\/label>\n\t\t<\/p>\n\t<\/div>\n\t<div class=\"bottom\">\n\t\t<div class=\"note\">\n\t\t\t<div class=\"akceptacia\">\n\t\t\t\t<p><span class=\"wpcf7-form-control-wrap\" data-name=\"acceptance-156\"><span class=\"wpcf7-form-control wpcf7-acceptance\"><span class=\"wpcf7-list-item\"><input type=\"checkbox\" name=\"acceptance-156\" value=\"1\" aria-invalid=\"false\" \/><\/span><\/span><\/span><span class=\"akceptujem\">* I have read about <a href=\"https:\/\/esthetic.sk\/ochrana-osobnych-udajov\/\" target=\"_blank\">the processing of personal data here<\/a>.<\/span>\n\t\t\t\t<\/p>\n\t\t\t<\/div>\n\t\t<\/div>\n\t\t<p><span id=\"wpcf7-69f5f1badb3ec-wrapper\" class=\"wpcf7-form-control-wrap email-23-wrap\" style=\"display:none !important; visibility:hidden !important;\"><label for=\"wpcf7-69f5f1badb3ec-field\" class=\"hp-message\">Please leave this field empty.<\/label><input id=\"wpcf7-69f5f1badb3ec-field\"  class=\"wpcf7-form-control wpcf7-text\" type=\"text\" name=\"email-23\" value=\"\" size=\"40\" tabindex=\"-1\" autocomplete=\"new-password\" \/><\/span><br \/>\n<input class=\"wpcf7-form-control wpcf7-submit has-spinner\" type=\"submit\" value=\"Objedna\u0165\" \/>\n\t\t<\/p>\n\t<\/div>\n<\/div><p style=\"display: none !important;\" class=\"akismet-fields-container\" data-prefix=\"_wpcf7_ak_\"><label>&#916;<textarea name=\"_wpcf7_ak_hp_textarea\" cols=\"45\" rows=\"8\" maxlength=\"100\"><\/textarea><\/label><input type=\"hidden\" id=\"ak_js_1\" name=\"_wpcf7_ak_js\" value=\"125\"\/><script>document.getElementById( \"ak_js_1\" ).setAttribute( \"value\", ( new Date() ).getTime() );<\/script><\/p><input type='hidden' class='wpcf7-pum' value='{\"closepopup\":false,\"closedelay\":0,\"openpopup\":false,\"openpopup_id\":0}' \/><div class=\"wpcf7-response-output\" aria-hidden=\"true\"><\/div>\n<\/form>\n<\/div>\n\n<\/div><\/div><\/div>","protected":false},"excerpt":{"rendered":"Za\u010dnite nov\u00fd rok s dokonalou hydrat\u00e1ciou pletiobjednajte sa Za\u010dnite nov\u00fd rok s dokonalou hydrat\u00e1ciou pletiZima je obdob\u00edm, kedy je na\u0161a ple\u0165 najviac sk\u00fa\u0161an\u00e1, pr\u00e1ve preto sme pre V\u00e1s pripravili v\u00fdnimo\u010dn\u00fa z\u013eavu v hodnote a\u017e 100 \u20ac na aplik\u00e1ciou produktov Profhilo a Jalupro. Pom\u00f4\u017eeme V\u00e1m zlep\u0161i\u0165 celkov\u00fa kvalitu ko\u017ee, dosiahneme obnovu hydrat\u00e1cie, kolag\u00e9nu a elast\u00ednu. P\u00f4vodn\u00e1","protected":false},"author":1,"featured_media":0,"parent":0,"menu_order":0,"comment_status":"closed","ping_status":"closed","template":"","meta":{"inline_featured_image":false,"footnotes":""},"class_list":["post-5973","page","type-page","status-publish","hentry"],"yoast_head":"<!-- This site is optimized with the Yoast SEO plugin v23.7 - https:\/\/yoast.com\/wordpress\/plugins\/seo\/ -->\n<title>Hydration of the skin | Esthetic Bratislava<\/title>\n<meta name=\"robots\" content=\"index, follow, max-snippet:-1, max-image-preview:large, max-video-preview:-1\" \/>\n<link rel=\"canonical\" href=\"https:\/\/esthetic.sk\/hydration-of-the-skin\/\" \/>\n<meta property=\"og:locale\" content=\"en_US\" \/>\n<meta property=\"og:type\" content=\"article\" \/>\n<meta property=\"og:title\" content=\"Hydration of the skin | Esthetic Bratislava\" \/>\n<meta property=\"og:description\" content=\"Za\u010dnite nov\u00fd rok s dokonalou hydrat\u00e1ciou pletiobjednajte sa Za\u010dnite nov\u00fd rok s dokonalou hydrat\u00e1ciou pletiZima je obdob\u00edm, kedy je na\u0161a ple\u0165 najviac sk\u00fa\u0161an\u00e1, pr\u00e1ve preto sme pre V\u00e1s pripravili v\u00fdnimo\u010dn\u00fa z\u013eavu v hodnote a\u017e 100 \u20ac na aplik\u00e1ciou produktov Profhilo a Jalupro. Pom\u00f4\u017eeme V\u00e1m zlep\u0161i\u0165 celkov\u00fa kvalitu ko\u017ee, dosiahneme obnovu hydrat\u00e1cie, kolag\u00e9nu a elast\u00ednu. P\u00f4vodn\u00e1\" \/>\n<meta property=\"og:url\" content=\"https:\/\/esthetic.sk\/hydration-of-the-skin\/\" \/>\n<meta property=\"og:site_name\" content=\"Esthetic Bratislava\" \/>\n<meta property=\"article:publisher\" content=\"https:\/\/www.facebook.com\/Klinikaesthetic\" \/>\n<meta property=\"og:image\" content=\"https:\/\/esthetic.sk\/wp-content\/uploads\/2023\/01\/badge.png\" \/>\n<meta name=\"twitter:card\" content=\"summary_large_image\" \/>\n<meta name=\"twitter:label1\" content=\"Est. reading time\" \/>\n\t<meta name=\"twitter:data1\" content=\"1 minute\" \/>\n<script type=\"application\/ld+json\" class=\"yoast-schema-graph\">{\"@context\":\"https:\/\/schema.org\",\"@graph\":[{\"@type\":\"WebPage\",\"@id\":\"https:\/\/esthetic.sk\/hydration-of-the-skin\/\",\"url\":\"https:\/\/esthetic.sk\/hydration-of-the-skin\/\",\"name\":\"Hydration of the skin | Esthetic Bratislava\",\"isPartOf\":{\"@id\":\"https:\/\/esthetic.sk\/#website\"},\"primaryImageOfPage\":{\"@id\":\"https:\/\/esthetic.sk\/hydration-of-the-skin\/#primaryimage\"},\"image\":{\"@id\":\"https:\/\/esthetic.sk\/hydration-of-the-skin\/#primaryimage\"},\"thumbnailUrl\":\"https:\/\/esthetic.sk\/wp-content\/uploads\/2023\/01\/badge.png\",\"datePublished\":\"2024-04-16T18:28:42+00:00\",\"dateModified\":\"2024-04-16T18:28:42+00:00\",\"breadcrumb\":{\"@id\":\"https:\/\/esthetic.sk\/hydration-of-the-skin\/#breadcrumb\"},\"inLanguage\":\"en-US\",\"potentialAction\":[{\"@type\":\"ReadAction\",\"target\":[\"https:\/\/esthetic.sk\/hydration-of-the-skin\/\"]}]},{\"@type\":\"ImageObject\",\"inLanguage\":\"en-US\",\"@id\":\"https:\/\/esthetic.sk\/hydration-of-the-skin\/#primaryimage\",\"url\":\"https:\/\/esthetic.sk\/wp-content\/uploads\/2023\/01\/badge.png\",\"contentUrl\":\"https:\/\/esthetic.sk\/wp-content\/uploads\/2023\/01\/badge.png\"},{\"@type\":\"BreadcrumbList\",\"@id\":\"https:\/\/esthetic.sk\/hydration-of-the-skin\/#breadcrumb\",\"itemListElement\":[{\"@type\":\"ListItem\",\"position\":1,\"name\":\"Home\",\"item\":\"https:\/\/esthetic.sk\/\"},{\"@type\":\"ListItem\",\"position\":2,\"name\":\"Hydration of the skin\"}]},{\"@type\":\"WebSite\",\"@id\":\"https:\/\/esthetic.sk\/#website\",\"url\":\"https:\/\/esthetic.sk\/\",\"name\":\"Esthetic Bratislava\",\"description\":\"R\u00fdchla cesta k dokonal\u00e9mu vz\u013eadu\",\"publisher\":{\"@id\":\"https:\/\/esthetic.sk\/#organization\"},\"potentialAction\":[{\"@type\":\"SearchAction\",\"target\":{\"@type\":\"EntryPoint\",\"urlTemplate\":\"https:\/\/esthetic.sk\/?s={search_term_string}\"},\"query-input\":{\"@type\":\"PropertyValueSpecification\",\"valueRequired\":true,\"valueName\":\"search_term_string\"}}],\"inLanguage\":\"en-US\"},{\"@type\":\"Organization\",\"@id\":\"https:\/\/esthetic.sk\/#organization\",\"name\":\"Esthetic .s.r.o.\",\"url\":\"https:\/\/esthetic.sk\/\",\"logo\":{\"@type\":\"ImageObject\",\"inLanguage\":\"en-US\",\"@id\":\"https:\/\/esthetic.sk\/#\/schema\/logo\/image\/\",\"url\":\"https:\/\/esthetic.sk\/wp-content\/uploads\/2019\/02\/logo-1.svg\",\"contentUrl\":\"https:\/\/esthetic.sk\/wp-content\/uploads\/2019\/02\/logo-1.svg\",\"width\":1,\"height\":1,\"caption\":\"Esthetic .s.r.o.\"},\"image\":{\"@id\":\"https:\/\/esthetic.sk\/#\/schema\/logo\/image\/\"},\"sameAs\":[\"https:\/\/www.facebook.com\/Klinikaesthetic\",\"https:\/\/www.instagram.com\/klinikaesthetic\/\",\"https:\/\/www.youtube.com\/channel\/UC8AgtXNjHpne8qWdj9szu1A\"]}]}<\/script>\n<!-- \/ Yoast SEO plugin. -->","yoast_head_json":{"title":"Hydration of the skin | Esthetic Bratislava","robots":{"index":"index","follow":"follow","max-snippet":"max-snippet:-1","max-image-preview":"max-image-preview:large","max-video-preview":"max-video-preview:-1"},"canonical":"https:\/\/esthetic.sk\/hydration-of-the-skin\/","og_locale":"en_US","og_type":"article","og_title":"Hydration of the skin | Esthetic Bratislava","og_description":"Za\u010dnite nov\u00fd rok s dokonalou hydrat\u00e1ciou pletiobjednajte sa Za\u010dnite nov\u00fd rok s dokonalou hydrat\u00e1ciou pletiZima je obdob\u00edm, kedy je na\u0161a ple\u0165 najviac sk\u00fa\u0161an\u00e1, pr\u00e1ve preto sme pre V\u00e1s pripravili v\u00fdnimo\u010dn\u00fa z\u013eavu v hodnote a\u017e 100 \u20ac na aplik\u00e1ciou produktov Profhilo a Jalupro. Pom\u00f4\u017eeme V\u00e1m zlep\u0161i\u0165 celkov\u00fa kvalitu ko\u017ee, dosiahneme obnovu hydrat\u00e1cie, kolag\u00e9nu a elast\u00ednu. P\u00f4vodn\u00e1","og_url":"https:\/\/esthetic.sk\/hydration-of-the-skin\/","og_site_name":"Esthetic Bratislava","article_publisher":"https:\/\/www.facebook.com\/Klinikaesthetic","og_image":[{"url":"https:\/\/esthetic.sk\/wp-content\/uploads\/2023\/01\/badge.png"}],"twitter_card":"summary_large_image","twitter_misc":{"Est. reading time":"1 minute"},"schema":{"@context":"https:\/\/schema.org","@graph":[{"@type":"WebPage","@id":"https:\/\/esthetic.sk\/hydration-of-the-skin\/","url":"https:\/\/esthetic.sk\/hydration-of-the-skin\/","name":"Hydration of the skin | Esthetic Bratislava","isPartOf":{"@id":"https:\/\/esthetic.sk\/#website"},"primaryImageOfPage":{"@id":"https:\/\/esthetic.sk\/hydration-of-the-skin\/#primaryimage"},"image":{"@id":"https:\/\/esthetic.sk\/hydration-of-the-skin\/#primaryimage"},"thumbnailUrl":"https:\/\/esthetic.sk\/wp-content\/uploads\/2023\/01\/badge.png","datePublished":"2024-04-16T18:28:42+00:00","dateModified":"2024-04-16T18:28:42+00:00","breadcrumb":{"@id":"https:\/\/esthetic.sk\/hydration-of-the-skin\/#breadcrumb"},"inLanguage":"en-US","potentialAction":[{"@type":"ReadAction","target":["https:\/\/esthetic.sk\/hydration-of-the-skin\/"]}]},{"@type":"ImageObject","inLanguage":"en-US","@id":"https:\/\/esthetic.sk\/hydration-of-the-skin\/#primaryimage","url":"https:\/\/esthetic.sk\/wp-content\/uploads\/2023\/01\/badge.png","contentUrl":"https:\/\/esthetic.sk\/wp-content\/uploads\/2023\/01\/badge.png"},{"@type":"BreadcrumbList","@id":"https:\/\/esthetic.sk\/hydration-of-the-skin\/#breadcrumb","itemListElement":[{"@type":"ListItem","position":1,"name":"Home","item":"https:\/\/esthetic.sk\/"},{"@type":"ListItem","position":2,"name":"Hydration of the skin"}]},{"@type":"WebSite","@id":"https:\/\/esthetic.sk\/#website","url":"https:\/\/esthetic.sk\/","name":"Esthetic Bratislava","description":"R\u00fdchla cesta k dokonal\u00e9mu vz\u013eadu","publisher":{"@id":"https:\/\/esthetic.sk\/#organization"},"potentialAction":[{"@type":"SearchAction","target":{"@type":"EntryPoint","urlTemplate":"https:\/\/esthetic.sk\/?s={search_term_string}"},"query-input":{"@type":"PropertyValueSpecification","valueRequired":true,"valueName":"search_term_string"}}],"inLanguage":"en-US"},{"@type":"Organization","@id":"https:\/\/esthetic.sk\/#organization","name":"Esthetic .s.r.o.","url":"https:\/\/esthetic.sk\/","logo":{"@type":"ImageObject","inLanguage":"en-US","@id":"https:\/\/esthetic.sk\/#\/schema\/logo\/image\/","url":"https:\/\/esthetic.sk\/wp-content\/uploads\/2019\/02\/logo-1.svg","contentUrl":"https:\/\/esthetic.sk\/wp-content\/uploads\/2019\/02\/logo-1.svg","width":1,"height":1,"caption":"Esthetic .s.r.o."},"image":{"@id":"https:\/\/esthetic.sk\/#\/schema\/logo\/image\/"},"sameAs":["https:\/\/www.facebook.com\/Klinikaesthetic","https:\/\/www.instagram.com\/klinikaesthetic\/","https:\/\/www.youtube.com\/channel\/UC8AgtXNjHpne8qWdj9szu1A"]}]}},"_links":{"self":[{"href":"https:\/\/esthetic.sk\/en\/wp-json\/wp\/v2\/pages\/5973"}],"collection":[{"href":"https:\/\/esthetic.sk\/en\/wp-json\/wp\/v2\/pages"}],"about":[{"href":"https:\/\/esthetic.sk\/en\/wp-json\/wp\/v2\/types\/page"}],"author":[{"embeddable":true,"href":"https:\/\/esthetic.sk\/en\/wp-json\/wp\/v2\/users\/1"}],"replies":[{"embeddable":true,"href":"https:\/\/esthetic.sk\/en\/wp-json\/wp\/v2\/comments?post=5973"}],"version-history":[{"count":0,"href":"https:\/\/esthetic.sk\/en\/wp-json\/wp\/v2\/pages\/5973\/revisions"}],"wp:attachment":[{"href":"https:\/\/esthetic.sk\/en\/wp-json\/wp\/v2\/media?parent=5973"}],"curies":[{"name":"wp","href":"https:\/\/api.w.org\/{rel}","templated":true}]}}