{"id":2595,"date":"2020-03-11T18:08:06","date_gmt":"2020-03-11T17:08:06","guid":{"rendered":"https:\/\/esthetic.sk\/?page_id=2595"},"modified":"2020-03-11T18:08:06","modified_gmt":"2020-03-11T17:08:06","slug":"akusticka-razova-vlna-awt-liecba-celulitidy","status":"publish","type":"page","link":"https:\/\/esthetic.sk\/en\/aesthetic-dermatology\/body\/akusticka-razova-vlna-awt-liecba-celulitidy\/","title":{"rendered":"Akustick\u00e1 r\u00e1zov\u00e1 vlna | AWT | lie\u010dba celulit\u00eddy"},"content":{"rendered":"<h2>Z\u00e1kladn\u00e9 inform\u00e1cie<\/h2>\r\n<ul>\r\n \t<li>lie\u010dba celulit\u00eddy<\/li>\r\n \t<li>nahromadenie tuku v probl\u00e9mov\u00fdch parti\u00e1ch<\/li>\r\n \t<li>pomaran\u010dov\u00e1 ko\u017ea<\/li>\r\n \t<li>formovanie postavy<\/li>\r\n<\/ul>\r\n<h2>Aplik\u00e1cia<\/h2>\r\nAkustick\u00e1 r\u00e1zov\u00e1 vlna (m\u00f4\u017eete sa stretn\u00fa\u0165 aj s anglick\u00fdm v\u00fdrazom Acoustic Wave Therapy alebo skratkou AWT) je technol\u00f3gia vyu\u017e\u00edvaj\u00faca kmitaj\u00face vlny vysielan\u00e9 do podko\u017eia o\u0161etrovan\u00fdch oblast\u00ed. Akustick\u00e1 alebo aj mimotelov\u00e1 \u0161okov\u00e1 zvukov\u00e1 terapia, ako ju naz\u00fdvaj\u00fa niektor\u00ed odborn\u00edci, predstavuje \u00fa\u010dinn\u00fd a predov\u0161etk\u00fdm overen\u00fd n\u00e1stroj na lie\u010dbu celulit\u00eddy, vynikaj\u00face v\u00fdsledky sa v\u0161ak daj\u00fa dosiahnu\u0165 i pri lie\u010dbe stri\u00ed a formovan\u00ed postavy.\r\n\r\nAj ke\u010f celulit\u00edda nepredstavuje zdravotn\u00e9 riziko a nie je zdraviu \u0161kodliv\u00e1, p\u00f4sob\u00ed neesteticky, st\u00e1va sa pre mnoho \u017eien nepohodlnou spolo\u010dnos\u0165ou a t\u00fdm p\u00e1dom zni\u017euje sebavedomie a kvalitu \u017eivota najm\u00e4 v letn\u00fdch mesiacoch. Lie\u010dba celulit\u00eddy r\u00e1zov\u00fdmi vlnami je rie\u0161enie, ktor\u00e9 odstra\u0148uje a pom\u00e1ha predch\u00e1dza\u0165 tejto ne\u017eiaducej situ\u00e1ci\u00ed.\r\n<h2>Trvanie z\u00e1kroku<\/h2>\r\nO\u0161etrenie jednej lokality trv\u00e1 20 min, na dosiahnutie \u017eelan\u00e9ho efektu jeide\u00e1lne absolova\u0165 s\u00e9riu 10 o\u0161etren\u00ed.\r\n\r\n&nbsp;\r\n<h2>Pre\u010do akustick\u00e9 vlny AWT V &#8211; Actor Storz medical?<\/h2>\r\nFirma Storz medical p\u00f4sob\u00ed vo \u0160vaj\u010diarsku od roku 1945 a zaober\u00e1 sa v\u00fdvojom, v\u00fdskumom a v\u00fdrobou pr\u00edstrojou pre medic\u00ednske zariadenia. Pri tejto modernej met\u00f3de sa vyu\u017e\u00edva \u00fa\u010dinok r\u00e1zov\u00fdch v\u013an na zlep\u0161enie stavu celulit\u00eddy a zo\u0161t\u00edhlenia problematick\u00fdch parti\u00ed ako s\u00fa stehn\u00e1 boky, zadok \u010di bru\u0161ko, pr\u00edpadne ramen\u00e1.\r\n<h2>V \u010dom spo\u010d\u00edva samotn\u00e1 technol\u00f3gia r\u00e1zovej vlny?<\/h2>\r\nR\u00e1zov\u00e1 vlna je siln\u00fd, necielen\u00fd zvukov\u00fd pulz, ktor\u00fd sa \u0161\u00edri formou kmitaj\u00facich neperiodick\u00fdch v\u013an, hlboko do podko\u017en\u00e9ho tkaniva. Akustick\u00e9 vlnenie ni\u010d\u00ed zapuzdren\u00e9 tukov\u00e9 bunky, ktor\u00e9 sa priamo podie\u013eaj\u00fa na tvorbe celulit\u00eddy. Z V-Actor\u00ae hlavice okrem toho pr\u00fadia siln\u00e9 stimuluj\u00face fyziologick\u00e9 vibr\u00e1cie (s frekvenciou 35Hz), ktor\u00e9 zvy\u0161uj\u00fa pr\u00fadenie krvi a lymfy a v spojivovom tkanive aktivuj\u00fa metabolick\u00e9 procesy. V-Actor\u00ae umo\u017e\u0148uje cielen\u00e9 vyu\u017eitie vibr\u00e1ci\u00ed priamo v tkaniv\u00e1ch, \u010do zlep\u0161uje mikrocirkul\u00e1ciu. To napom\u00e1ha odstra\u0148ova\u0165 odpadov\u00e9 l\u00e1tky a tox\u00edny z organizmu. Podko\u017en\u00e9, spojovacie tkanivo je jemn\u00e9 a elastick\u00e9 a pozost\u00e1va zo \u0161irokej siete kolag\u00e9nov\u00fdch vl\u00e1kien, ktor\u00e9 umo\u017e\u0148uj\u00fa jej rozp\u00ednanie. S vekom doch\u00e1dza k \u00fabytku kolag\u00e9nu a k ochabovaniu poko\u017eky. Pri nepomere medzi tvorbou tukov\u00fdch buniek aj ich odb\u00faravan\u00edm sa tukov\u00e9 bunku rozp\u00ednaj\u00fa smerom nahor k ochabnutej poko\u017eke \u010d\u00edm vznik\u00e1 typick\u00fd efekt pomaran\u010dovej k\u00f4ry. R\u00e1zov\u00e9 vlny uvo\u013e\u0148uj\u00fa, spru\u017e\u0148uj\u00fa spojovacie tkanivo, podporuj\u00fa tvorbu kolag\u00e9nu, spev\u0148uj\u00fa poko\u017eku a rozp\u00fa\u0161\u0165aj\u00fa tukov\u00e9 bunky. Kombin\u00e1cia t\u00fdchto \u00fa\u010dinkov p\u00f4sob\u00ed taktie\u017e prevent\u00edvne s cie\u013eom pred\u00eds\u0165 vzniku celulit\u00eddy.\r\n<blockquote>Pri lie\u010dbe celulit\u00eddy r\u00e1zov\u00fdmi vlnami sa \u0161pecializujeme na probl\u00e9mov\u00e9 oblasti zadku, bedier, stehien a horn\u00fdch \u010dasti r\u00fak. V o\u0161etrenej oblasti doch\u00e1dza k zlep\u0161eniu stavu poko\u017eky, jej spevneniu a vyhladeniu, ako aj vymiznutiu celulit\u00eddy a stri\u00ed. Akustick\u00e9 vlny maj\u00fa pozit\u00edvny \u00fa\u010dinok na mikrocirkul\u00e1ciu, v\u00fd\u017eivu tkan\u00edv a lymfatick\u00fd odtok. V\u00fdsledkom je zlep\u0161en\u00e1 pevnos\u0165 a prirodzen\u00e1 elasticita poko\u017eky spolu s dlhotrvaj\u00facou zmenou \u0161trukt\u00fary povrchu poko\u017eky. N\u00e1sledne po z\u00e1kroku aplikujeme klientke lymfodren\u00e1\u017ene o\u0161etrenie.<\/blockquote>","protected":false},"excerpt":{"rendered":"Z\u00e1kladn\u00e9 inform\u00e1cie lie\u010dba celulit\u00eddy nahromadenie tuku v probl\u00e9mov\u00fdch parti\u00e1ch pomaran\u010dov\u00e1 ko\u017ea formovanie postavy Aplik\u00e1cia Akustick\u00e1 r\u00e1zov\u00e1 vlna (m\u00f4\u017eete sa stretn\u00fa\u0165 aj s anglick\u00fdm v\u00fdrazom","protected":false},"author":1,"featured_media":2173,"parent":2574,"menu_order":8,"comment_status":"closed","ping_status":"closed","template":"","meta":{"inline_featured_image":false,"footnotes":""},"class_list":["post-2595","page","type-page","status-publish","has-post-thumbnail","hentry"],"yoast_head":"<!-- This site is optimized with the Yoast SEO plugin v23.7 - https:\/\/yoast.com\/wordpress\/plugins\/seo\/ -->\n<title>Akustick\u00e1 r\u00e1zov\u00e1 vlna | AWT | lie\u010dba celulit\u00eddy | Esthetic Bratislava<\/title>\n<meta name=\"robots\" content=\"index, follow, max-snippet:-1, max-image-preview:large, max-video-preview:-1\" \/>\n<link rel=\"canonical\" href=\"https:\/\/esthetic.sk\/en\/aesthetic-dermatology\/body\/akusticka-razova-vlna-awt-liecba-celulitidy\/\" \/>\n<meta property=\"og:locale\" content=\"en_US\" \/>\n<meta property=\"og:type\" content=\"article\" \/>\n<meta property=\"og:title\" content=\"Akustick\u00e1 r\u00e1zov\u00e1 vlna | AWT | lie\u010dba celulit\u00eddy | Esthetic Bratislava\" \/>\n<meta property=\"og:description\" content=\"Z\u00e1kladn\u00e9 inform\u00e1cie lie\u010dba celulit\u00eddy nahromadenie tuku v probl\u00e9mov\u00fdch parti\u00e1ch pomaran\u010dov\u00e1 ko\u017ea formovanie postavy Aplik\u00e1cia Akustick\u00e1 r\u00e1zov\u00e1 vlna (m\u00f4\u017eete sa stretn\u00fa\u0165 aj s anglick\u00fdm v\u00fdrazom\" \/>\n<meta property=\"og:url\" content=\"https:\/\/esthetic.sk\/en\/aesthetic-dermatology\/body\/akusticka-razova-vlna-awt-liecba-celulitidy\/\" \/>\n<meta property=\"og:site_name\" content=\"Esthetic Bratislava\" \/>\n<meta property=\"article:publisher\" content=\"https:\/\/www.facebook.com\/Klinikaesthetic\" \/>\n<meta property=\"og:image\" content=\"https:\/\/esthetic.sk\/wp-content\/uploads\/2019\/02\/big-10.jpg\" \/>\n\t<meta property=\"og:image:width\" content=\"1920\" \/>\n\t<meta property=\"og:image:height\" content=\"1080\" \/>\n\t<meta property=\"og:image:type\" content=\"image\/jpeg\" \/>\n<meta name=\"twitter:card\" content=\"summary_large_image\" \/>\n<meta name=\"twitter:label1\" content=\"Est. reading time\" \/>\n\t<meta name=\"twitter:data1\" content=\"3 minutes\" \/>\n<script type=\"application\/ld+json\" class=\"yoast-schema-graph\">{\"@context\":\"https:\/\/schema.org\",\"@graph\":[{\"@type\":\"WebPage\",\"@id\":\"https:\/\/esthetic.sk\/en\/aesthetic-dermatology\/body\/akusticka-razova-vlna-awt-liecba-celulitidy\/\",\"url\":\"https:\/\/esthetic.sk\/en\/aesthetic-dermatology\/body\/akusticka-razova-vlna-awt-liecba-celulitidy\/\",\"name\":\"Akustick\u00e1 r\u00e1zov\u00e1 vlna | AWT | lie\u010dba celulit\u00eddy | Esthetic Bratislava\",\"isPartOf\":{\"@id\":\"https:\/\/esthetic.sk\/#website\"},\"primaryImageOfPage\":{\"@id\":\"https:\/\/esthetic.sk\/en\/aesthetic-dermatology\/body\/akusticka-razova-vlna-awt-liecba-celulitidy\/#primaryimage\"},\"image\":{\"@id\":\"https:\/\/esthetic.sk\/en\/aesthetic-dermatology\/body\/akusticka-razova-vlna-awt-liecba-celulitidy\/#primaryimage\"},\"thumbnailUrl\":\"https:\/\/esthetic.sk\/wp-content\/uploads\/2019\/02\/big-10.jpg\",\"datePublished\":\"2020-03-11T17:08:06+00:00\",\"dateModified\":\"2020-03-11T17:08:06+00:00\",\"breadcrumb\":{\"@id\":\"https:\/\/esthetic.sk\/en\/aesthetic-dermatology\/body\/akusticka-razova-vlna-awt-liecba-celulitidy\/#breadcrumb\"},\"inLanguage\":\"en-US\",\"potentialAction\":[{\"@type\":\"ReadAction\",\"target\":[\"https:\/\/esthetic.sk\/en\/aesthetic-dermatology\/body\/akusticka-razova-vlna-awt-liecba-celulitidy\/\"]}]},{\"@type\":\"ImageObject\",\"inLanguage\":\"en-US\",\"@id\":\"https:\/\/esthetic.sk\/en\/aesthetic-dermatology\/body\/akusticka-razova-vlna-awt-liecba-celulitidy\/#primaryimage\",\"url\":\"https:\/\/esthetic.sk\/wp-content\/uploads\/2019\/02\/big-10.jpg\",\"contentUrl\":\"https:\/\/esthetic.sk\/wp-content\/uploads\/2019\/02\/big-10.jpg\",\"width\":1920,\"height\":1080},{\"@type\":\"BreadcrumbList\",\"@id\":\"https:\/\/esthetic.sk\/en\/aesthetic-dermatology\/body\/akusticka-razova-vlna-awt-liecba-celulitidy\/#breadcrumb\",\"itemListElement\":[{\"@type\":\"ListItem\",\"position\":1,\"name\":\"Home\",\"item\":\"https:\/\/esthetic.sk\/\"},{\"@type\":\"ListItem\",\"position\":2,\"name\":\"Aesthetic dermatology\",\"item\":\"https:\/\/esthetic.sk\/en\/aesthetic-dermatology\/\"},{\"@type\":\"ListItem\",\"position\":3,\"name\":\"Body\",\"item\":\"https:\/\/esthetic.sk\/en\/aesthetic-dermatology\/body\/\"},{\"@type\":\"ListItem\",\"position\":4,\"name\":\"Akustick\u00e1 r\u00e1zov\u00e1 vlna | AWT | lie\u010dba celulit\u00eddy\"}]},{\"@type\":\"WebSite\",\"@id\":\"https:\/\/esthetic.sk\/#website\",\"url\":\"https:\/\/esthetic.sk\/\",\"name\":\"Esthetic Bratislava\",\"description\":\"R\u00fdchla cesta k dokonal\u00e9mu vz\u013eadu\",\"publisher\":{\"@id\":\"https:\/\/esthetic.sk\/#organization\"},\"potentialAction\":[{\"@type\":\"SearchAction\",\"target\":{\"@type\":\"EntryPoint\",\"urlTemplate\":\"https:\/\/esthetic.sk\/?s={search_term_string}\"},\"query-input\":{\"@type\":\"PropertyValueSpecification\",\"valueRequired\":true,\"valueName\":\"search_term_string\"}}],\"inLanguage\":\"en-US\"},{\"@type\":\"Organization\",\"@id\":\"https:\/\/esthetic.sk\/#organization\",\"name\":\"Esthetic .s.r.o.\",\"url\":\"https:\/\/esthetic.sk\/\",\"logo\":{\"@type\":\"ImageObject\",\"inLanguage\":\"en-US\",\"@id\":\"https:\/\/esthetic.sk\/#\/schema\/logo\/image\/\",\"url\":\"https:\/\/esthetic.sk\/wp-content\/uploads\/2019\/02\/logo-1.svg\",\"contentUrl\":\"https:\/\/esthetic.sk\/wp-content\/uploads\/2019\/02\/logo-1.svg\",\"width\":1,\"height\":1,\"caption\":\"Esthetic .s.r.o.\"},\"image\":{\"@id\":\"https:\/\/esthetic.sk\/#\/schema\/logo\/image\/\"},\"sameAs\":[\"https:\/\/www.facebook.com\/Klinikaesthetic\",\"https:\/\/www.instagram.com\/klinikaesthetic\/\",\"https:\/\/www.youtube.com\/channel\/UC8AgtXNjHpne8qWdj9szu1A\"]}]}<\/script>\n<!-- \/ Yoast SEO plugin. -->","yoast_head_json":{"title":"Akustick\u00e1 r\u00e1zov\u00e1 vlna | AWT | lie\u010dba celulit\u00eddy | Esthetic Bratislava","robots":{"index":"index","follow":"follow","max-snippet":"max-snippet:-1","max-image-preview":"max-image-preview:large","max-video-preview":"max-video-preview:-1"},"canonical":"https:\/\/esthetic.sk\/en\/aesthetic-dermatology\/body\/akusticka-razova-vlna-awt-liecba-celulitidy\/","og_locale":"en_US","og_type":"article","og_title":"Akustick\u00e1 r\u00e1zov\u00e1 vlna | AWT | lie\u010dba celulit\u00eddy | Esthetic Bratislava","og_description":"Z\u00e1kladn\u00e9 inform\u00e1cie lie\u010dba celulit\u00eddy nahromadenie tuku v probl\u00e9mov\u00fdch parti\u00e1ch pomaran\u010dov\u00e1 ko\u017ea formovanie postavy Aplik\u00e1cia Akustick\u00e1 r\u00e1zov\u00e1 vlna (m\u00f4\u017eete sa stretn\u00fa\u0165 aj s anglick\u00fdm v\u00fdrazom","og_url":"https:\/\/esthetic.sk\/en\/aesthetic-dermatology\/body\/akusticka-razova-vlna-awt-liecba-celulitidy\/","og_site_name":"Esthetic Bratislava","article_publisher":"https:\/\/www.facebook.com\/Klinikaesthetic","og_image":[{"width":1920,"height":1080,"url":"https:\/\/esthetic.sk\/wp-content\/uploads\/2019\/02\/big-10.jpg","type":"image\/jpeg"}],"twitter_card":"summary_large_image","twitter_misc":{"Est. reading time":"3 minutes"},"schema":{"@context":"https:\/\/schema.org","@graph":[{"@type":"WebPage","@id":"https:\/\/esthetic.sk\/en\/aesthetic-dermatology\/body\/akusticka-razova-vlna-awt-liecba-celulitidy\/","url":"https:\/\/esthetic.sk\/en\/aesthetic-dermatology\/body\/akusticka-razova-vlna-awt-liecba-celulitidy\/","name":"Akustick\u00e1 r\u00e1zov\u00e1 vlna | AWT | lie\u010dba celulit\u00eddy | Esthetic Bratislava","isPartOf":{"@id":"https:\/\/esthetic.sk\/#website"},"primaryImageOfPage":{"@id":"https:\/\/esthetic.sk\/en\/aesthetic-dermatology\/body\/akusticka-razova-vlna-awt-liecba-celulitidy\/#primaryimage"},"image":{"@id":"https:\/\/esthetic.sk\/en\/aesthetic-dermatology\/body\/akusticka-razova-vlna-awt-liecba-celulitidy\/#primaryimage"},"thumbnailUrl":"https:\/\/esthetic.sk\/wp-content\/uploads\/2019\/02\/big-10.jpg","datePublished":"2020-03-11T17:08:06+00:00","dateModified":"2020-03-11T17:08:06+00:00","breadcrumb":{"@id":"https:\/\/esthetic.sk\/en\/aesthetic-dermatology\/body\/akusticka-razova-vlna-awt-liecba-celulitidy\/#breadcrumb"},"inLanguage":"en-US","potentialAction":[{"@type":"ReadAction","target":["https:\/\/esthetic.sk\/en\/aesthetic-dermatology\/body\/akusticka-razova-vlna-awt-liecba-celulitidy\/"]}]},{"@type":"ImageObject","inLanguage":"en-US","@id":"https:\/\/esthetic.sk\/en\/aesthetic-dermatology\/body\/akusticka-razova-vlna-awt-liecba-celulitidy\/#primaryimage","url":"https:\/\/esthetic.sk\/wp-content\/uploads\/2019\/02\/big-10.jpg","contentUrl":"https:\/\/esthetic.sk\/wp-content\/uploads\/2019\/02\/big-10.jpg","width":1920,"height":1080},{"@type":"BreadcrumbList","@id":"https:\/\/esthetic.sk\/en\/aesthetic-dermatology\/body\/akusticka-razova-vlna-awt-liecba-celulitidy\/#breadcrumb","itemListElement":[{"@type":"ListItem","position":1,"name":"Home","item":"https:\/\/esthetic.sk\/"},{"@type":"ListItem","position":2,"name":"Aesthetic dermatology","item":"https:\/\/esthetic.sk\/en\/aesthetic-dermatology\/"},{"@type":"ListItem","position":3,"name":"Body","item":"https:\/\/esthetic.sk\/en\/aesthetic-dermatology\/body\/"},{"@type":"ListItem","position":4,"name":"Akustick\u00e1 r\u00e1zov\u00e1 vlna | AWT | lie\u010dba celulit\u00eddy"}]},{"@type":"WebSite","@id":"https:\/\/esthetic.sk\/#website","url":"https:\/\/esthetic.sk\/","name":"Esthetic Bratislava","description":"R\u00fdchla cesta k dokonal\u00e9mu vz\u013eadu","publisher":{"@id":"https:\/\/esthetic.sk\/#organization"},"potentialAction":[{"@type":"SearchAction","target":{"@type":"EntryPoint","urlTemplate":"https:\/\/esthetic.sk\/?s={search_term_string}"},"query-input":{"@type":"PropertyValueSpecification","valueRequired":true,"valueName":"search_term_string"}}],"inLanguage":"en-US"},{"@type":"Organization","@id":"https:\/\/esthetic.sk\/#organization","name":"Esthetic .s.r.o.","url":"https:\/\/esthetic.sk\/","logo":{"@type":"ImageObject","inLanguage":"en-US","@id":"https:\/\/esthetic.sk\/#\/schema\/logo\/image\/","url":"https:\/\/esthetic.sk\/wp-content\/uploads\/2019\/02\/logo-1.svg","contentUrl":"https:\/\/esthetic.sk\/wp-content\/uploads\/2019\/02\/logo-1.svg","width":1,"height":1,"caption":"Esthetic .s.r.o."},"image":{"@id":"https:\/\/esthetic.sk\/#\/schema\/logo\/image\/"},"sameAs":["https:\/\/www.facebook.com\/Klinikaesthetic","https:\/\/www.instagram.com\/klinikaesthetic\/","https:\/\/www.youtube.com\/channel\/UC8AgtXNjHpne8qWdj9szu1A"]}]}},"_links":{"self":[{"href":"https:\/\/esthetic.sk\/en\/wp-json\/wp\/v2\/pages\/2595"}],"collection":[{"href":"https:\/\/esthetic.sk\/en\/wp-json\/wp\/v2\/pages"}],"about":[{"href":"https:\/\/esthetic.sk\/en\/wp-json\/wp\/v2\/types\/page"}],"author":[{"embeddable":true,"href":"https:\/\/esthetic.sk\/en\/wp-json\/wp\/v2\/users\/1"}],"replies":[{"embeddable":true,"href":"https:\/\/esthetic.sk\/en\/wp-json\/wp\/v2\/comments?post=2595"}],"version-history":[{"count":1,"href":"https:\/\/esthetic.sk\/en\/wp-json\/wp\/v2\/pages\/2595\/revisions"}],"predecessor-version":[{"id":2597,"href":"https:\/\/esthetic.sk\/en\/wp-json\/wp\/v2\/pages\/2595\/revisions\/2597"}],"up":[{"embeddable":true,"href":"https:\/\/esthetic.sk\/en\/wp-json\/wp\/v2\/pages\/2574"}],"wp:featuredmedia":[{"embeddable":true,"href":"https:\/\/esthetic.sk\/en\/wp-json\/wp\/v2\/media\/2173"}],"wp:attachment":[{"href":"https:\/\/esthetic.sk\/en\/wp-json\/wp\/v2\/media?parent=2595"}],"curies":[{"name":"wp","href":"https:\/\/api.w.org\/{rel}","templated":true}]}}