{"id":5929,"date":"2024-04-16T20:28:17","date_gmt":"2024-04-16T18:28:17","guid":{"rendered":"https:\/\/esthetic.sk\/aesthetische-dermatologie\/gesicht\/s-lift-gesichtsverjuengung\/"},"modified":"2024-04-16T20:28:17","modified_gmt":"2024-04-16T18:28:17","slug":"s-lift-gesichtsverjuengung","status":"publish","type":"page","link":"https:\/\/esthetic.sk\/de\/aesthetische-dermatologie\/gesicht\/s-lift-gesichtsverjuengung\/","title":{"rendered":"S-lift | Gesichtsverj\u00fcngung"},"content":{"rendered":"<h2>Grundlegende Informationen<\/h2>\n<ul>\n \t<li>ein leichtes Absacken der Wangen im Wangenbereich<\/li>\n \t<li>so genannt. Erdh\u00f6rnchen-Backen<\/li>\n \t<li>Herabh\u00e4ngen der Mundwinkel<\/li>\n<\/ul>\n<h2>Intervention<\/h2>\n<div>Dies ist ein minimal-invasiver Eingriff zur Korrektur einer leichten Erschlaffung der Wangen. Es wird eine vertikale Verschiebung vorgenommen &#8211; ein Ziehen der Weichteile des Gesichts mit einer einzigen resorbierbaren Naht, die in das subkutane Gewebe eingef\u00fchrt wird, und eine minimale Exzision der Haut \u00fcber dem Ohr &#8211; vor dem Haaransatz. Der Eingriff wird unter lokaler An\u00e4sthesie durchgef\u00fchrt.<\/div>\n<div>Die Nasolabialfurche wird aufgeweicht, die so genannten Dr\u00fcsen werden entfernt und das Herabh\u00e4ngen der Mundwinkel wird sanft verbessert.<\/div>\n<h2>Dauer des Verfahrens<\/h2>\nDer Eingriff dauert je nach Ausma\u00df zwischen 20 und 40 Minuten. Die Wirkung tritt sofort ein und h\u00e4lt bis zu eineinhalb Jahre an.\n<h2>Nach dem Eingriff<\/h2>\nNach dem Eingriff kann der Patient sofort nach Hause gehen. Eine elastische Gesichtspackung wird nachts f\u00fcr 10-14 Tage ben\u00f6tigt. Der Hautschnitt wird mit resorbierbarem Nahtmaterial verschlossen.\n\n&nbsp;\n<h2>Risiken<\/h2>\n<ul>\n \t<li>vor\u00fcbergehende Schwellung<\/li>\n \t<li>blaue Flecken<\/li>\n \t<li>erh\u00f6hte Empfindlichkeit<\/li>\n<\/ul>\n<h2><b class=\"\">Weitere Informationen<\/b><\/h2>\n<div><b class=\"\"> <\/b><\/div>\n<div>Das S-Lift ist ein minimal-invasives Verfahren, das f\u00fcr diejenigen unter Ihnen entwickelt wurde, die sich keinem <a href=\"https:\/\/esthetic.sk\/plasticka-chirurgia\/tvar\/lifting-tvare\/\">chirurgischen Lifting<\/a> unterziehen m\u00f6chten, aber ein sofortiges Ergebnis mit einem l\u00e4nger anhaltenden Effekt w\u00fcnschen. Die Produktion von neuem Kollagen wird angeregt, Falten werden aufgef\u00fcllt, die Durchblutung wird verbessert und die Haut wird aufgehellt.<\/div>","protected":false},"excerpt":{"rendered":"Grundlegende Informationen ein leichtes Absacken der Wangen im Wangenbereich so genannt. Erdh\u00f6rnchen-Backen Herabh\u00e4ngen der Mundwinkel Intervention Dies ist ein minimal-invasiver Eingriff zur Korrektur einer leichten Erschlaffung der Wangen. Es wird eine vertikale Verschiebung vorgenommen &#8211; ein Ziehen der Weichteile des Gesichts mit einer einzigen resorbierbaren Naht, die in das subkutane Gewebe eingef\u00fchrt wird, und eine","protected":false},"author":1,"featured_media":5575,"parent":5718,"menu_order":2,"comment_status":"closed","ping_status":"closed","template":"","meta":{"inline_featured_image":false,"footnotes":""},"class_list":["post-5929","page","type-page","status-publish","has-post-thumbnail","hentry"],"yoast_head":"<!-- This site is optimized with the Yoast SEO plugin v23.7 - https:\/\/yoast.com\/wordpress\/plugins\/seo\/ -->\n<title>| Mini-Lifting | Esthetic Bratislava<\/title>\n<meta name=\"description\" content=\"S-Lift - ist ein Mini-Facelift, das f\u00fcr diejenigen unter Ihnen entwickelt wurde, die sich keinem chirurgischen Facelifting unterziehen m\u00f6chten. Er betont die Konturen des Gesichts, die h\u00e4ngenden Mundwinkel.\" \/>\n<meta name=\"robots\" content=\"index, follow, max-snippet:-1, max-image-preview:large, max-video-preview:-1\" \/>\n<link rel=\"canonical\" href=\"https:\/\/esthetic.sk\/de\/aesthetische-dermatologie\/gesicht\/s-lift-gesichtsverjuengung\/\" \/>\n<meta property=\"og:locale\" content=\"de_DE\" \/>\n<meta property=\"og:type\" content=\"article\" \/>\n<meta property=\"og:title\" content=\"| Mini-Lifting | Esthetic Bratislava\" \/>\n<meta property=\"og:description\" content=\"S-Lift - ist ein Mini-Facelift, das f\u00fcr diejenigen unter Ihnen entwickelt wurde, die sich keinem chirurgischen Facelifting unterziehen m\u00f6chten. Er betont die Konturen des Gesichts, die h\u00e4ngenden Mundwinkel.\" \/>\n<meta property=\"og:url\" content=\"https:\/\/esthetic.sk\/de\/aesthetische-dermatologie\/gesicht\/s-lift-gesichtsverjuengung\/\" \/>\n<meta property=\"og:site_name\" content=\"Esthetic Bratislava\" \/>\n<meta property=\"article:publisher\" content=\"https:\/\/www.facebook.com\/Klinikaesthetic\" \/>\n<meta property=\"og:image\" content=\"https:\/\/esthetic.sk\/wp-content\/uploads\/2019\/08\/s-lift-facelift.jpg\" \/>\n\t<meta property=\"og:image:width\" content=\"796\" \/>\n\t<meta property=\"og:image:height\" content=\"300\" \/>\n\t<meta property=\"og:image:type\" content=\"image\/jpeg\" \/>\n<meta name=\"twitter:card\" content=\"summary_large_image\" \/>\n<meta name=\"twitter:label1\" content=\"Gesch\u00e4tzte Lesezeit\" \/>\n\t<meta name=\"twitter:data1\" content=\"1\u00a0Minute\" \/>\n<script type=\"application\/ld+json\" class=\"yoast-schema-graph\">{\"@context\":\"https:\/\/schema.org\",\"@graph\":[{\"@type\":\"WebPage\",\"@id\":\"https:\/\/esthetic.sk\/de\/aesthetische-dermatologie\/gesicht\/s-lift-gesichtsverjuengung\/\",\"url\":\"https:\/\/esthetic.sk\/de\/aesthetische-dermatologie\/gesicht\/s-lift-gesichtsverjuengung\/\",\"name\":\"| Mini-Lifting | Esthetic Bratislava\",\"isPartOf\":{\"@id\":\"https:\/\/esthetic.sk\/#website\"},\"primaryImageOfPage\":{\"@id\":\"https:\/\/esthetic.sk\/de\/aesthetische-dermatologie\/gesicht\/s-lift-gesichtsverjuengung\/#primaryimage\"},\"image\":{\"@id\":\"https:\/\/esthetic.sk\/de\/aesthetische-dermatologie\/gesicht\/s-lift-gesichtsverjuengung\/#primaryimage\"},\"thumbnailUrl\":\"https:\/\/esthetic.sk\/wp-content\/uploads\/2019\/08\/s-lift-facelift.jpg\",\"datePublished\":\"2024-04-16T18:28:17+00:00\",\"dateModified\":\"2024-04-16T18:28:17+00:00\",\"description\":\"S-Lift - ist ein Mini-Facelift, das f\u00fcr diejenigen unter Ihnen entwickelt wurde, die sich keinem chirurgischen Facelifting unterziehen m\u00f6chten. Er betont die Konturen des Gesichts, die h\u00e4ngenden Mundwinkel.\",\"breadcrumb\":{\"@id\":\"https:\/\/esthetic.sk\/de\/aesthetische-dermatologie\/gesicht\/s-lift-gesichtsverjuengung\/#breadcrumb\"},\"inLanguage\":\"de\",\"potentialAction\":[{\"@type\":\"ReadAction\",\"target\":[\"https:\/\/esthetic.sk\/de\/aesthetische-dermatologie\/gesicht\/s-lift-gesichtsverjuengung\/\"]}]},{\"@type\":\"ImageObject\",\"inLanguage\":\"de\",\"@id\":\"https:\/\/esthetic.sk\/de\/aesthetische-dermatologie\/gesicht\/s-lift-gesichtsverjuengung\/#primaryimage\",\"url\":\"https:\/\/esthetic.sk\/wp-content\/uploads\/2019\/08\/s-lift-facelift.jpg\",\"contentUrl\":\"https:\/\/esthetic.sk\/wp-content\/uploads\/2019\/08\/s-lift-facelift.jpg\",\"width\":796,\"height\":300},{\"@type\":\"BreadcrumbList\",\"@id\":\"https:\/\/esthetic.sk\/de\/aesthetische-dermatologie\/gesicht\/s-lift-gesichtsverjuengung\/#breadcrumb\",\"itemListElement\":[{\"@type\":\"ListItem\",\"position\":1,\"name\":\"Home\",\"item\":\"https:\/\/esthetic.sk\/\"},{\"@type\":\"ListItem\",\"position\":2,\"name\":\"\u00c4sthetische Dermatologie\",\"item\":\"https:\/\/esthetic.sk\/de\/aesthetische-dermatologie\/\"},{\"@type\":\"ListItem\",\"position\":3,\"name\":\"Gesicht\",\"item\":\"https:\/\/esthetic.sk\/aesthetische-dermatologie\/gesicht\/\"},{\"@type\":\"ListItem\",\"position\":4,\"name\":\"S-lift | Gesichtsverj\u00fcngung\"}]},{\"@type\":\"WebSite\",\"@id\":\"https:\/\/esthetic.sk\/#website\",\"url\":\"https:\/\/esthetic.sk\/\",\"name\":\"Esthetic Bratislava\",\"description\":\"R\u00fdchla cesta k dokonal\u00e9mu vz\u013eadu\",\"publisher\":{\"@id\":\"https:\/\/esthetic.sk\/#organization\"},\"potentialAction\":[{\"@type\":\"SearchAction\",\"target\":{\"@type\":\"EntryPoint\",\"urlTemplate\":\"https:\/\/esthetic.sk\/?s={search_term_string}\"},\"query-input\":{\"@type\":\"PropertyValueSpecification\",\"valueRequired\":true,\"valueName\":\"search_term_string\"}}],\"inLanguage\":\"de\"},{\"@type\":\"Organization\",\"@id\":\"https:\/\/esthetic.sk\/#organization\",\"name\":\"Esthetic .s.r.o.\",\"url\":\"https:\/\/esthetic.sk\/\",\"logo\":{\"@type\":\"ImageObject\",\"inLanguage\":\"de\",\"@id\":\"https:\/\/esthetic.sk\/#\/schema\/logo\/image\/\",\"url\":\"https:\/\/esthetic.sk\/wp-content\/uploads\/2019\/02\/logo-1.svg\",\"contentUrl\":\"https:\/\/esthetic.sk\/wp-content\/uploads\/2019\/02\/logo-1.svg\",\"width\":1,\"height\":1,\"caption\":\"Esthetic .s.r.o.\"},\"image\":{\"@id\":\"https:\/\/esthetic.sk\/#\/schema\/logo\/image\/\"},\"sameAs\":[\"https:\/\/www.facebook.com\/Klinikaesthetic\",\"https:\/\/www.instagram.com\/klinikaesthetic\/\",\"https:\/\/www.youtube.com\/channel\/UC8AgtXNjHpne8qWdj9szu1A\"]}]}<\/script>\n<!-- \/ Yoast SEO plugin. -->","yoast_head_json":{"title":"| Mini-Lifting | Esthetic Bratislava","description":"S-Lift - ist ein Mini-Facelift, das f\u00fcr diejenigen unter Ihnen entwickelt wurde, die sich keinem chirurgischen Facelifting unterziehen m\u00f6chten. Er betont die Konturen des Gesichts, die h\u00e4ngenden Mundwinkel.","robots":{"index":"index","follow":"follow","max-snippet":"max-snippet:-1","max-image-preview":"max-image-preview:large","max-video-preview":"max-video-preview:-1"},"canonical":"https:\/\/esthetic.sk\/de\/aesthetische-dermatologie\/gesicht\/s-lift-gesichtsverjuengung\/","og_locale":"de_DE","og_type":"article","og_title":"| Mini-Lifting | Esthetic Bratislava","og_description":"S-Lift - ist ein Mini-Facelift, das f\u00fcr diejenigen unter Ihnen entwickelt wurde, die sich keinem chirurgischen Facelifting unterziehen m\u00f6chten. Er betont die Konturen des Gesichts, die h\u00e4ngenden Mundwinkel.","og_url":"https:\/\/esthetic.sk\/de\/aesthetische-dermatologie\/gesicht\/s-lift-gesichtsverjuengung\/","og_site_name":"Esthetic Bratislava","article_publisher":"https:\/\/www.facebook.com\/Klinikaesthetic","og_image":[{"width":796,"height":300,"url":"https:\/\/esthetic.sk\/wp-content\/uploads\/2019\/08\/s-lift-facelift.jpg","type":"image\/jpeg"}],"twitter_card":"summary_large_image","twitter_misc":{"Gesch\u00e4tzte Lesezeit":"1\u00a0Minute"},"schema":{"@context":"https:\/\/schema.org","@graph":[{"@type":"WebPage","@id":"https:\/\/esthetic.sk\/de\/aesthetische-dermatologie\/gesicht\/s-lift-gesichtsverjuengung\/","url":"https:\/\/esthetic.sk\/de\/aesthetische-dermatologie\/gesicht\/s-lift-gesichtsverjuengung\/","name":"| Mini-Lifting | Esthetic Bratislava","isPartOf":{"@id":"https:\/\/esthetic.sk\/#website"},"primaryImageOfPage":{"@id":"https:\/\/esthetic.sk\/de\/aesthetische-dermatologie\/gesicht\/s-lift-gesichtsverjuengung\/#primaryimage"},"image":{"@id":"https:\/\/esthetic.sk\/de\/aesthetische-dermatologie\/gesicht\/s-lift-gesichtsverjuengung\/#primaryimage"},"thumbnailUrl":"https:\/\/esthetic.sk\/wp-content\/uploads\/2019\/08\/s-lift-facelift.jpg","datePublished":"2024-04-16T18:28:17+00:00","dateModified":"2024-04-16T18:28:17+00:00","description":"S-Lift - ist ein Mini-Facelift, das f\u00fcr diejenigen unter Ihnen entwickelt wurde, die sich keinem chirurgischen Facelifting unterziehen m\u00f6chten. Er betont die Konturen des Gesichts, die h\u00e4ngenden Mundwinkel.","breadcrumb":{"@id":"https:\/\/esthetic.sk\/de\/aesthetische-dermatologie\/gesicht\/s-lift-gesichtsverjuengung\/#breadcrumb"},"inLanguage":"de","potentialAction":[{"@type":"ReadAction","target":["https:\/\/esthetic.sk\/de\/aesthetische-dermatologie\/gesicht\/s-lift-gesichtsverjuengung\/"]}]},{"@type":"ImageObject","inLanguage":"de","@id":"https:\/\/esthetic.sk\/de\/aesthetische-dermatologie\/gesicht\/s-lift-gesichtsverjuengung\/#primaryimage","url":"https:\/\/esthetic.sk\/wp-content\/uploads\/2019\/08\/s-lift-facelift.jpg","contentUrl":"https:\/\/esthetic.sk\/wp-content\/uploads\/2019\/08\/s-lift-facelift.jpg","width":796,"height":300},{"@type":"BreadcrumbList","@id":"https:\/\/esthetic.sk\/de\/aesthetische-dermatologie\/gesicht\/s-lift-gesichtsverjuengung\/#breadcrumb","itemListElement":[{"@type":"ListItem","position":1,"name":"Home","item":"https:\/\/esthetic.sk\/"},{"@type":"ListItem","position":2,"name":"\u00c4sthetische Dermatologie","item":"https:\/\/esthetic.sk\/de\/aesthetische-dermatologie\/"},{"@type":"ListItem","position":3,"name":"Gesicht","item":"https:\/\/esthetic.sk\/aesthetische-dermatologie\/gesicht\/"},{"@type":"ListItem","position":4,"name":"S-lift | Gesichtsverj\u00fcngung"}]},{"@type":"WebSite","@id":"https:\/\/esthetic.sk\/#website","url":"https:\/\/esthetic.sk\/","name":"Esthetic Bratislava","description":"R\u00fdchla cesta k dokonal\u00e9mu vz\u013eadu","publisher":{"@id":"https:\/\/esthetic.sk\/#organization"},"potentialAction":[{"@type":"SearchAction","target":{"@type":"EntryPoint","urlTemplate":"https:\/\/esthetic.sk\/?s={search_term_string}"},"query-input":{"@type":"PropertyValueSpecification","valueRequired":true,"valueName":"search_term_string"}}],"inLanguage":"de"},{"@type":"Organization","@id":"https:\/\/esthetic.sk\/#organization","name":"Esthetic .s.r.o.","url":"https:\/\/esthetic.sk\/","logo":{"@type":"ImageObject","inLanguage":"de","@id":"https:\/\/esthetic.sk\/#\/schema\/logo\/image\/","url":"https:\/\/esthetic.sk\/wp-content\/uploads\/2019\/02\/logo-1.svg","contentUrl":"https:\/\/esthetic.sk\/wp-content\/uploads\/2019\/02\/logo-1.svg","width":1,"height":1,"caption":"Esthetic .s.r.o."},"image":{"@id":"https:\/\/esthetic.sk\/#\/schema\/logo\/image\/"},"sameAs":["https:\/\/www.facebook.com\/Klinikaesthetic","https:\/\/www.instagram.com\/klinikaesthetic\/","https:\/\/www.youtube.com\/channel\/UC8AgtXNjHpne8qWdj9szu1A"]}]}},"_links":{"self":[{"href":"https:\/\/esthetic.sk\/de\/wp-json\/wp\/v2\/pages\/5929"}],"collection":[{"href":"https:\/\/esthetic.sk\/de\/wp-json\/wp\/v2\/pages"}],"about":[{"href":"https:\/\/esthetic.sk\/de\/wp-json\/wp\/v2\/types\/page"}],"author":[{"embeddable":true,"href":"https:\/\/esthetic.sk\/de\/wp-json\/wp\/v2\/users\/1"}],"replies":[{"embeddable":true,"href":"https:\/\/esthetic.sk\/de\/wp-json\/wp\/v2\/comments?post=5929"}],"version-history":[{"count":0,"href":"https:\/\/esthetic.sk\/de\/wp-json\/wp\/v2\/pages\/5929\/revisions"}],"up":[{"embeddable":true,"href":"https:\/\/esthetic.sk\/de\/wp-json\/wp\/v2\/pages\/5718"}],"wp:featuredmedia":[{"embeddable":true,"href":"https:\/\/esthetic.sk\/de\/wp-json\/wp\/v2\/media\/5575"}],"wp:attachment":[{"href":"https:\/\/esthetic.sk\/de\/wp-json\/wp\/v2\/media?parent=5929"}],"curies":[{"name":"wp","href":"https:\/\/api.w.org\/{rel}","templated":true}]}}