{"id":5866,"date":"2024-04-16T20:27:41","date_gmt":"2024-04-16T18:27:41","guid":{"rendered":"https:\/\/esthetic.sk\/aesthetische-dermatologie\/gesicht\/fadenlifting-zur-gesichtsverjuengung\/"},"modified":"2024-04-16T20:27:41","modified_gmt":"2024-04-16T18:27:41","slug":"fadenlifting-zur-gesichtsverjuengung","status":"publish","type":"page","link":"https:\/\/esthetic.sk\/de\/aesthetische-dermatologie\/gesicht\/fadenlifting-zur-gesichtsverjuengung\/","title":{"rendered":"Fadenlifting zur Gesichtsverj\u00fcngung"},"content":{"rendered":"<h2>Grundlegende Informationen<\/h2>\n<ul>\n \t<li>Abnahme der Gesichtskonturen im unteren Drittel<\/li>\n \t<li>das Gef\u00fchl eines schweren Gesichts mit abfallenden Z\u00fcgen<\/li>\n \t<li>Schaffung des sogenannten. &#8222;Marionettenlinien&#8220;<\/li>\n \t<li>R\u00fcckgang des Gewebes im Bereich des unteren Schlittens &#8211; Bildung von Gopher-Beuteln<\/li>\n<\/ul>\n<h2>Anwendung<\/h2>\nUnter lokaler An\u00e4sthesie wird mit einer Kan\u00fcle ein resorbierbarer Faden mit Zacken eingef\u00fchrt, mit dem das Gewebe nach oben gezogen wird. Mit der Anwendung von mehreren F\u00e4den k\u00f6nnen erschlaffte Gesichtsz\u00fcge geliftet werden.\n<h2>Dauer des Verfahrens<\/h2>\nDer Eingriff dauert je nach Ausma\u00df zwischen 20 und 40 Minuten. Die Wirkung ist unmittelbar. 2-3 Wochen nach dem Eingriff k\u00f6nnen kleine Unebenheiten auf der Haut zur\u00fcckbleiben. Die Wirkung h\u00e4lt mehrere Monate bis zwei Jahre an.\n<h2>Risiken<\/h2>\n<ul>\n \t<li>Anschwellen<\/li>\n \t<li>H\u00e4matom<\/li>\n<\/ul>","protected":false},"excerpt":{"rendered":"Grundlegende Informationen Abnahme der Gesichtskonturen im unteren Drittel das Gef\u00fchl eines schweren Gesichts mit abfallenden Z\u00fcgen Schaffung des sogenannten. &#8222;Marionettenlinien&#8220; R\u00fcckgang des Gewebes im Bereich des unteren Schlittens &#8211; Bildung von Gopher-Beuteln Anwendung Unter lokaler An\u00e4sthesie wird mit einer Kan\u00fcle ein resorbierbarer Faden mit Zacken eingef\u00fchrt, mit dem das Gewebe nach oben gezogen wird. Mit","protected":false},"author":1,"featured_media":5526,"parent":5718,"menu_order":2,"comment_status":"closed","ping_status":"closed","template":"","meta":{"inline_featured_image":false,"footnotes":""},"class_list":["post-5866","page","type-page","status-publish","has-post-thumbnail","hentry"],"yoast_head":"<!-- This site is optimized with the Yoast SEO plugin v23.7 - https:\/\/yoast.com\/wordpress\/plugins\/seo\/ -->\n<title>Fadenlifting zur Gesichtsverj\u00fcngung | Esthetic Bratislava<\/title>\n<meta name=\"description\" content=\"Ein Faden-Facelift ist eine effektive Methode zur Verj\u00fcngung durch die Anwendung von resorbierbaren F\u00e4den, die erschlaffte Gesichtsz\u00fcge anheben. Vereinbaren Sie einen Termin bei Esthetic Bratislava.\" \/>\n<meta name=\"robots\" content=\"index, follow, max-snippet:-1, max-image-preview:large, max-video-preview:-1\" \/>\n<link rel=\"canonical\" href=\"https:\/\/esthetic.sk\/de\/aesthetische-dermatologie\/gesicht\/fadenlifting-zur-gesichtsverjuengung\/\" \/>\n<meta property=\"og:locale\" content=\"de_DE\" \/>\n<meta property=\"og:type\" content=\"article\" \/>\n<meta property=\"og:title\" content=\"Fadenlifting zur Gesichtsverj\u00fcngung | Esthetic Bratislava\" \/>\n<meta property=\"og:description\" content=\"Ein Faden-Facelift ist eine effektive Methode zur Verj\u00fcngung durch die Anwendung von resorbierbaren F\u00e4den, die erschlaffte Gesichtsz\u00fcge anheben. Vereinbaren Sie einen Termin bei Esthetic Bratislava.\" \/>\n<meta property=\"og:url\" content=\"https:\/\/esthetic.sk\/de\/aesthetische-dermatologie\/gesicht\/fadenlifting-zur-gesichtsverjuengung\/\" \/>\n<meta property=\"og:site_name\" content=\"Esthetic Bratislava\" \/>\n<meta property=\"article:publisher\" content=\"https:\/\/www.facebook.com\/Klinikaesthetic\" \/>\n<meta property=\"og:image\" content=\"https:\/\/esthetic.sk\/wp-content\/uploads\/2019\/02\/big11.jpg\" \/>\n\t<meta property=\"og:image:width\" content=\"1920\" \/>\n\t<meta property=\"og:image:height\" content=\"1080\" \/>\n\t<meta property=\"og:image:type\" content=\"image\/jpeg\" \/>\n<meta name=\"twitter:card\" content=\"summary_large_image\" \/>\n<meta name=\"twitter:label1\" content=\"Gesch\u00e4tzte Lesezeit\" \/>\n\t<meta name=\"twitter:data1\" content=\"1\u00a0Minute\" \/>\n<script type=\"application\/ld+json\" class=\"yoast-schema-graph\">{\"@context\":\"https:\/\/schema.org\",\"@graph\":[{\"@type\":\"WebPage\",\"@id\":\"https:\/\/esthetic.sk\/de\/aesthetische-dermatologie\/gesicht\/fadenlifting-zur-gesichtsverjuengung\/\",\"url\":\"https:\/\/esthetic.sk\/de\/aesthetische-dermatologie\/gesicht\/fadenlifting-zur-gesichtsverjuengung\/\",\"name\":\"Fadenlifting zur Gesichtsverj\u00fcngung | Esthetic Bratislava\",\"isPartOf\":{\"@id\":\"https:\/\/esthetic.sk\/#website\"},\"primaryImageOfPage\":{\"@id\":\"https:\/\/esthetic.sk\/de\/aesthetische-dermatologie\/gesicht\/fadenlifting-zur-gesichtsverjuengung\/#primaryimage\"},\"image\":{\"@id\":\"https:\/\/esthetic.sk\/de\/aesthetische-dermatologie\/gesicht\/fadenlifting-zur-gesichtsverjuengung\/#primaryimage\"},\"thumbnailUrl\":\"https:\/\/esthetic.sk\/wp-content\/uploads\/2019\/02\/big11.jpg\",\"datePublished\":\"2024-04-16T18:27:41+00:00\",\"dateModified\":\"2024-04-16T18:27:41+00:00\",\"description\":\"Ein Faden-Facelift ist eine effektive Methode zur Verj\u00fcngung durch die Anwendung von resorbierbaren F\u00e4den, die erschlaffte Gesichtsz\u00fcge anheben. Vereinbaren Sie einen Termin bei Esthetic Bratislava.\",\"breadcrumb\":{\"@id\":\"https:\/\/esthetic.sk\/de\/aesthetische-dermatologie\/gesicht\/fadenlifting-zur-gesichtsverjuengung\/#breadcrumb\"},\"inLanguage\":\"de\",\"potentialAction\":[{\"@type\":\"ReadAction\",\"target\":[\"https:\/\/esthetic.sk\/de\/aesthetische-dermatologie\/gesicht\/fadenlifting-zur-gesichtsverjuengung\/\"]}]},{\"@type\":\"ImageObject\",\"inLanguage\":\"de\",\"@id\":\"https:\/\/esthetic.sk\/de\/aesthetische-dermatologie\/gesicht\/fadenlifting-zur-gesichtsverjuengung\/#primaryimage\",\"url\":\"https:\/\/esthetic.sk\/wp-content\/uploads\/2019\/02\/big11.jpg\",\"contentUrl\":\"https:\/\/esthetic.sk\/wp-content\/uploads\/2019\/02\/big11.jpg\",\"width\":1920,\"height\":1080},{\"@type\":\"BreadcrumbList\",\"@id\":\"https:\/\/esthetic.sk\/de\/aesthetische-dermatologie\/gesicht\/fadenlifting-zur-gesichtsverjuengung\/#breadcrumb\",\"itemListElement\":[{\"@type\":\"ListItem\",\"position\":1,\"name\":\"Home\",\"item\":\"https:\/\/esthetic.sk\/\"},{\"@type\":\"ListItem\",\"position\":2,\"name\":\"\u00c4sthetische Dermatologie\",\"item\":\"https:\/\/esthetic.sk\/de\/aesthetische-dermatologie\/\"},{\"@type\":\"ListItem\",\"position\":3,\"name\":\"Gesicht\",\"item\":\"https:\/\/esthetic.sk\/aesthetische-dermatologie\/gesicht\/\"},{\"@type\":\"ListItem\",\"position\":4,\"name\":\"Fadenlifting zur Gesichtsverj\u00fcngung\"}]},{\"@type\":\"WebSite\",\"@id\":\"https:\/\/esthetic.sk\/#website\",\"url\":\"https:\/\/esthetic.sk\/\",\"name\":\"Esthetic Bratislava\",\"description\":\"R\u00fdchla cesta k dokonal\u00e9mu vz\u013eadu\",\"publisher\":{\"@id\":\"https:\/\/esthetic.sk\/#organization\"},\"potentialAction\":[{\"@type\":\"SearchAction\",\"target\":{\"@type\":\"EntryPoint\",\"urlTemplate\":\"https:\/\/esthetic.sk\/?s={search_term_string}\"},\"query-input\":{\"@type\":\"PropertyValueSpecification\",\"valueRequired\":true,\"valueName\":\"search_term_string\"}}],\"inLanguage\":\"de\"},{\"@type\":\"Organization\",\"@id\":\"https:\/\/esthetic.sk\/#organization\",\"name\":\"Esthetic .s.r.o.\",\"url\":\"https:\/\/esthetic.sk\/\",\"logo\":{\"@type\":\"ImageObject\",\"inLanguage\":\"de\",\"@id\":\"https:\/\/esthetic.sk\/#\/schema\/logo\/image\/\",\"url\":\"https:\/\/esthetic.sk\/wp-content\/uploads\/2019\/02\/logo-1.svg\",\"contentUrl\":\"https:\/\/esthetic.sk\/wp-content\/uploads\/2019\/02\/logo-1.svg\",\"width\":1,\"height\":1,\"caption\":\"Esthetic .s.r.o.\"},\"image\":{\"@id\":\"https:\/\/esthetic.sk\/#\/schema\/logo\/image\/\"},\"sameAs\":[\"https:\/\/www.facebook.com\/Klinikaesthetic\",\"https:\/\/www.instagram.com\/klinikaesthetic\/\",\"https:\/\/www.youtube.com\/channel\/UC8AgtXNjHpne8qWdj9szu1A\"]}]}<\/script>\n<!-- \/ Yoast SEO plugin. -->","yoast_head_json":{"title":"Fadenlifting zur Gesichtsverj\u00fcngung | Esthetic Bratislava","description":"Ein Faden-Facelift ist eine effektive Methode zur Verj\u00fcngung durch die Anwendung von resorbierbaren F\u00e4den, die erschlaffte Gesichtsz\u00fcge anheben. Vereinbaren Sie einen Termin bei Esthetic Bratislava.","robots":{"index":"index","follow":"follow","max-snippet":"max-snippet:-1","max-image-preview":"max-image-preview:large","max-video-preview":"max-video-preview:-1"},"canonical":"https:\/\/esthetic.sk\/de\/aesthetische-dermatologie\/gesicht\/fadenlifting-zur-gesichtsverjuengung\/","og_locale":"de_DE","og_type":"article","og_title":"Fadenlifting zur Gesichtsverj\u00fcngung | Esthetic Bratislava","og_description":"Ein Faden-Facelift ist eine effektive Methode zur Verj\u00fcngung durch die Anwendung von resorbierbaren F\u00e4den, die erschlaffte Gesichtsz\u00fcge anheben. Vereinbaren Sie einen Termin bei Esthetic Bratislava.","og_url":"https:\/\/esthetic.sk\/de\/aesthetische-dermatologie\/gesicht\/fadenlifting-zur-gesichtsverjuengung\/","og_site_name":"Esthetic Bratislava","article_publisher":"https:\/\/www.facebook.com\/Klinikaesthetic","og_image":[{"width":1920,"height":1080,"url":"https:\/\/esthetic.sk\/wp-content\/uploads\/2019\/02\/big11.jpg","type":"image\/jpeg"}],"twitter_card":"summary_large_image","twitter_misc":{"Gesch\u00e4tzte Lesezeit":"1\u00a0Minute"},"schema":{"@context":"https:\/\/schema.org","@graph":[{"@type":"WebPage","@id":"https:\/\/esthetic.sk\/de\/aesthetische-dermatologie\/gesicht\/fadenlifting-zur-gesichtsverjuengung\/","url":"https:\/\/esthetic.sk\/de\/aesthetische-dermatologie\/gesicht\/fadenlifting-zur-gesichtsverjuengung\/","name":"Fadenlifting zur Gesichtsverj\u00fcngung | Esthetic Bratislava","isPartOf":{"@id":"https:\/\/esthetic.sk\/#website"},"primaryImageOfPage":{"@id":"https:\/\/esthetic.sk\/de\/aesthetische-dermatologie\/gesicht\/fadenlifting-zur-gesichtsverjuengung\/#primaryimage"},"image":{"@id":"https:\/\/esthetic.sk\/de\/aesthetische-dermatologie\/gesicht\/fadenlifting-zur-gesichtsverjuengung\/#primaryimage"},"thumbnailUrl":"https:\/\/esthetic.sk\/wp-content\/uploads\/2019\/02\/big11.jpg","datePublished":"2024-04-16T18:27:41+00:00","dateModified":"2024-04-16T18:27:41+00:00","description":"Ein Faden-Facelift ist eine effektive Methode zur Verj\u00fcngung durch die Anwendung von resorbierbaren F\u00e4den, die erschlaffte Gesichtsz\u00fcge anheben. Vereinbaren Sie einen Termin bei Esthetic Bratislava.","breadcrumb":{"@id":"https:\/\/esthetic.sk\/de\/aesthetische-dermatologie\/gesicht\/fadenlifting-zur-gesichtsverjuengung\/#breadcrumb"},"inLanguage":"de","potentialAction":[{"@type":"ReadAction","target":["https:\/\/esthetic.sk\/de\/aesthetische-dermatologie\/gesicht\/fadenlifting-zur-gesichtsverjuengung\/"]}]},{"@type":"ImageObject","inLanguage":"de","@id":"https:\/\/esthetic.sk\/de\/aesthetische-dermatologie\/gesicht\/fadenlifting-zur-gesichtsverjuengung\/#primaryimage","url":"https:\/\/esthetic.sk\/wp-content\/uploads\/2019\/02\/big11.jpg","contentUrl":"https:\/\/esthetic.sk\/wp-content\/uploads\/2019\/02\/big11.jpg","width":1920,"height":1080},{"@type":"BreadcrumbList","@id":"https:\/\/esthetic.sk\/de\/aesthetische-dermatologie\/gesicht\/fadenlifting-zur-gesichtsverjuengung\/#breadcrumb","itemListElement":[{"@type":"ListItem","position":1,"name":"Home","item":"https:\/\/esthetic.sk\/"},{"@type":"ListItem","position":2,"name":"\u00c4sthetische Dermatologie","item":"https:\/\/esthetic.sk\/de\/aesthetische-dermatologie\/"},{"@type":"ListItem","position":3,"name":"Gesicht","item":"https:\/\/esthetic.sk\/aesthetische-dermatologie\/gesicht\/"},{"@type":"ListItem","position":4,"name":"Fadenlifting zur Gesichtsverj\u00fcngung"}]},{"@type":"WebSite","@id":"https:\/\/esthetic.sk\/#website","url":"https:\/\/esthetic.sk\/","name":"Esthetic Bratislava","description":"R\u00fdchla cesta k dokonal\u00e9mu vz\u013eadu","publisher":{"@id":"https:\/\/esthetic.sk\/#organization"},"potentialAction":[{"@type":"SearchAction","target":{"@type":"EntryPoint","urlTemplate":"https:\/\/esthetic.sk\/?s={search_term_string}"},"query-input":{"@type":"PropertyValueSpecification","valueRequired":true,"valueName":"search_term_string"}}],"inLanguage":"de"},{"@type":"Organization","@id":"https:\/\/esthetic.sk\/#organization","name":"Esthetic .s.r.o.","url":"https:\/\/esthetic.sk\/","logo":{"@type":"ImageObject","inLanguage":"de","@id":"https:\/\/esthetic.sk\/#\/schema\/logo\/image\/","url":"https:\/\/esthetic.sk\/wp-content\/uploads\/2019\/02\/logo-1.svg","contentUrl":"https:\/\/esthetic.sk\/wp-content\/uploads\/2019\/02\/logo-1.svg","width":1,"height":1,"caption":"Esthetic .s.r.o."},"image":{"@id":"https:\/\/esthetic.sk\/#\/schema\/logo\/image\/"},"sameAs":["https:\/\/www.facebook.com\/Klinikaesthetic","https:\/\/www.instagram.com\/klinikaesthetic\/","https:\/\/www.youtube.com\/channel\/UC8AgtXNjHpne8qWdj9szu1A"]}]}},"_links":{"self":[{"href":"https:\/\/esthetic.sk\/de\/wp-json\/wp\/v2\/pages\/5866"}],"collection":[{"href":"https:\/\/esthetic.sk\/de\/wp-json\/wp\/v2\/pages"}],"about":[{"href":"https:\/\/esthetic.sk\/de\/wp-json\/wp\/v2\/types\/page"}],"author":[{"embeddable":true,"href":"https:\/\/esthetic.sk\/de\/wp-json\/wp\/v2\/users\/1"}],"replies":[{"embeddable":true,"href":"https:\/\/esthetic.sk\/de\/wp-json\/wp\/v2\/comments?post=5866"}],"version-history":[{"count":0,"href":"https:\/\/esthetic.sk\/de\/wp-json\/wp\/v2\/pages\/5866\/revisions"}],"up":[{"embeddable":true,"href":"https:\/\/esthetic.sk\/de\/wp-json\/wp\/v2\/pages\/5718"}],"wp:featuredmedia":[{"embeddable":true,"href":"https:\/\/esthetic.sk\/de\/wp-json\/wp\/v2\/media\/5526"}],"wp:attachment":[{"href":"https:\/\/esthetic.sk\/de\/wp-json\/wp\/v2\/media?parent=5866"}],"curies":[{"name":"wp","href":"https:\/\/api.w.org\/{rel}","templated":true}]}}