{"id":5783,"date":"2024-04-16T20:27:35","date_gmt":"2024-04-16T18:27:35","guid":{"rendered":"https:\/\/esthetic.sk\/plastische-chirurgie\/gesicht\/ohrenkorrektur-otoplastik\/"},"modified":"2024-04-16T20:27:35","modified_gmt":"2024-04-16T18:27:35","slug":"ohrenkorrektur-otoplastik","status":"publish","type":"page","link":"https:\/\/esthetic.sk\/de\/plastische-chirurgie\/gesicht\/ohrenkorrektur-otoplastik\/","title":{"rendered":"Ohrenkorrektur | Otoplastik"},"content":{"rendered":"<h2>Grundlegende Merkmale<\/h2>\n<ul>\n \t<li>Formabweichung der Ohren<\/li>\n \t<li>Abwinklung der Ohren<\/li>\n<\/ul>\n<h2>Intervention und Dauer<\/h2>\nDie Operation dauert etwa 1 Stunde, wird unter \u00f6rtlicher Bet\u00e4ubung durchgef\u00fchrt und ist schmerzlos.\n<h2>Nach dem Eingriff<\/h2>\nNach der Operation wird der Kopf bei Erwachsenen f\u00fcr 1 Woche und bei Kindern bis zu 10 -11 Jahren f\u00fcr 2 Wochen mit einem Verband versehen. Die Genesung dauert 2 bis 4 Wochen, je nach Umfang des Eingriffs. Kraftsport ist f\u00fcr 3 &#8211; 4 Monate nach der Operation nicht ratsam. Postoperative Schmerzen leichter Natur halten etwa 48 Stunden an. Wir operieren nur gesunde Menschen, so dass die Risiken einer Operation minimal sind. Die Ergebnisse der Operation bleiben bestehen, das Wachstum des Kindes f\u00fchrt nicht zu einem erneuten Auftreten abstehender Ohren.\n<h2>Risiken<\/h2>\n<ul>\n \t<li>leichter Muskelkater<\/li>\n<\/ul>\n<h2>Weitere Informationen<\/h2>\nDie Otoplastik ist eine \u00e4sthetische Operation, die darauf abzielt, die Form oder Winkelabweichung der Ohren zu korrigieren. Meistens handelt es sich um eine angeborene Anomalie, aber sie kann auch erworben sein (Unfall, Verbrennung, Tumoroperation&#8230;). Diese Operation kann bereits bei Kindern im Alter von 6 Jahren durchgef\u00fchrt werden, insbesondere auf Empfehlung eines Psychologen.","protected":false},"excerpt":{"rendered":"Grundlegende Merkmale Formabweichung der Ohren Abwinklung der Ohren Intervention und Dauer Die Operation dauert etwa 1 Stunde, wird unter \u00f6rtlicher Bet\u00e4ubung durchgef\u00fchrt und ist schmerzlos. Nach dem Eingriff Nach der Operation wird der Kopf bei Erwachsenen f\u00fcr 1 Woche und bei Kindern bis zu 10 -11 Jahren f\u00fcr 2 Wochen mit einem Verband versehen. Die","protected":false},"author":1,"featured_media":5513,"parent":5609,"menu_order":0,"comment_status":"closed","ping_status":"closed","template":"","meta":{"inline_featured_image":false,"footnotes":""},"class_list":["post-5783","page","type-page","status-publish","has-post-thumbnail","hentry"],"yoast_head":"<!-- This site is optimized with the Yoast SEO plugin v23.7 - https:\/\/yoast.com\/wordpress\/plugins\/seo\/ -->\n<title>| Esthetic Bratislava<\/title>\n<meta name=\"description\" content=\"Ohrenchirurgie - Die Otoplastik ist eine \u00e4sthetische Operation zur Korrektur der Form oder der Winkelung der Ohren. Sie kann auch bei Kindern im Alter von 6 Jahren durchgef\u00fchrt werden.\" \/>\n<meta name=\"robots\" content=\"index, follow, max-snippet:-1, max-image-preview:large, max-video-preview:-1\" \/>\n<link rel=\"canonical\" href=\"https:\/\/esthetic.sk\/de\/plastische-chirurgie\/gesicht\/ohrenkorrektur-otoplastik\/\" \/>\n<meta property=\"og:locale\" content=\"de_DE\" \/>\n<meta property=\"og:type\" content=\"article\" \/>\n<meta property=\"og:title\" content=\"| Esthetic Bratislava\" \/>\n<meta property=\"og:description\" content=\"Ohrenchirurgie - Die Otoplastik ist eine \u00e4sthetische Operation zur Korrektur der Form oder der Winkelung der Ohren. Sie kann auch bei Kindern im Alter von 6 Jahren durchgef\u00fchrt werden.\" \/>\n<meta property=\"og:url\" content=\"https:\/\/esthetic.sk\/de\/plastische-chirurgie\/gesicht\/ohrenkorrektur-otoplastik\/\" \/>\n<meta property=\"og:site_name\" content=\"Esthetic Bratislava\" \/>\n<meta property=\"article:publisher\" content=\"https:\/\/www.facebook.com\/Klinikaesthetic\" \/>\n<meta property=\"og:image\" content=\"https:\/\/esthetic.sk\/wp-content\/uploads\/2019\/02\/big4.jpg\" \/>\n\t<meta property=\"og:image:width\" content=\"1920\" \/>\n\t<meta property=\"og:image:height\" content=\"1080\" \/>\n\t<meta property=\"og:image:type\" content=\"image\/jpeg\" \/>\n<meta name=\"twitter:card\" content=\"summary_large_image\" \/>\n<meta name=\"twitter:label1\" content=\"Gesch\u00e4tzte Lesezeit\" \/>\n\t<meta name=\"twitter:data1\" content=\"1\u00a0Minute\" \/>\n<script type=\"application\/ld+json\" class=\"yoast-schema-graph\">{\"@context\":\"https:\/\/schema.org\",\"@graph\":[{\"@type\":\"WebPage\",\"@id\":\"https:\/\/esthetic.sk\/de\/plastische-chirurgie\/gesicht\/ohrenkorrektur-otoplastik\/\",\"url\":\"https:\/\/esthetic.sk\/de\/plastische-chirurgie\/gesicht\/ohrenkorrektur-otoplastik\/\",\"name\":\"| Esthetic Bratislava\",\"isPartOf\":{\"@id\":\"https:\/\/esthetic.sk\/#website\"},\"primaryImageOfPage\":{\"@id\":\"https:\/\/esthetic.sk\/de\/plastische-chirurgie\/gesicht\/ohrenkorrektur-otoplastik\/#primaryimage\"},\"image\":{\"@id\":\"https:\/\/esthetic.sk\/de\/plastische-chirurgie\/gesicht\/ohrenkorrektur-otoplastik\/#primaryimage\"},\"thumbnailUrl\":\"https:\/\/esthetic.sk\/wp-content\/uploads\/2019\/02\/big4.jpg\",\"datePublished\":\"2024-04-16T18:27:35+00:00\",\"dateModified\":\"2024-04-16T18:27:35+00:00\",\"description\":\"Ohrenchirurgie - Die Otoplastik ist eine \u00e4sthetische Operation zur Korrektur der Form oder der Winkelung der Ohren. Sie kann auch bei Kindern im Alter von 6 Jahren durchgef\u00fchrt werden.\",\"breadcrumb\":{\"@id\":\"https:\/\/esthetic.sk\/de\/plastische-chirurgie\/gesicht\/ohrenkorrektur-otoplastik\/#breadcrumb\"},\"inLanguage\":\"de\",\"potentialAction\":[{\"@type\":\"ReadAction\",\"target\":[\"https:\/\/esthetic.sk\/de\/plastische-chirurgie\/gesicht\/ohrenkorrektur-otoplastik\/\"]}]},{\"@type\":\"ImageObject\",\"inLanguage\":\"de\",\"@id\":\"https:\/\/esthetic.sk\/de\/plastische-chirurgie\/gesicht\/ohrenkorrektur-otoplastik\/#primaryimage\",\"url\":\"https:\/\/esthetic.sk\/wp-content\/uploads\/2019\/02\/big4.jpg\",\"contentUrl\":\"https:\/\/esthetic.sk\/wp-content\/uploads\/2019\/02\/big4.jpg\",\"width\":1920,\"height\":1080},{\"@type\":\"BreadcrumbList\",\"@id\":\"https:\/\/esthetic.sk\/de\/plastische-chirurgie\/gesicht\/ohrenkorrektur-otoplastik\/#breadcrumb\",\"itemListElement\":[{\"@type\":\"ListItem\",\"position\":1,\"name\":\"Home\",\"item\":\"https:\/\/esthetic.sk\/\"},{\"@type\":\"ListItem\",\"position\":2,\"name\":\"Plastische Chirurgie\",\"item\":\"https:\/\/esthetic.sk\/de\/plastische-chirurgie\/\"},{\"@type\":\"ListItem\",\"position\":3,\"name\":\"Gesicht\",\"item\":\"https:\/\/esthetic.sk\/plastische-chirurgie\/gesicht\/\"},{\"@type\":\"ListItem\",\"position\":4,\"name\":\"Ohrenkorrektur | Otoplastik\"}]},{\"@type\":\"WebSite\",\"@id\":\"https:\/\/esthetic.sk\/#website\",\"url\":\"https:\/\/esthetic.sk\/\",\"name\":\"Esthetic Bratislava\",\"description\":\"R\u00fdchla cesta k dokonal\u00e9mu vz\u013eadu\",\"publisher\":{\"@id\":\"https:\/\/esthetic.sk\/#organization\"},\"potentialAction\":[{\"@type\":\"SearchAction\",\"target\":{\"@type\":\"EntryPoint\",\"urlTemplate\":\"https:\/\/esthetic.sk\/?s={search_term_string}\"},\"query-input\":{\"@type\":\"PropertyValueSpecification\",\"valueRequired\":true,\"valueName\":\"search_term_string\"}}],\"inLanguage\":\"de\"},{\"@type\":\"Organization\",\"@id\":\"https:\/\/esthetic.sk\/#organization\",\"name\":\"Esthetic .s.r.o.\",\"url\":\"https:\/\/esthetic.sk\/\",\"logo\":{\"@type\":\"ImageObject\",\"inLanguage\":\"de\",\"@id\":\"https:\/\/esthetic.sk\/#\/schema\/logo\/image\/\",\"url\":\"https:\/\/esthetic.sk\/wp-content\/uploads\/2019\/02\/logo-1.svg\",\"contentUrl\":\"https:\/\/esthetic.sk\/wp-content\/uploads\/2019\/02\/logo-1.svg\",\"width\":1,\"height\":1,\"caption\":\"Esthetic .s.r.o.\"},\"image\":{\"@id\":\"https:\/\/esthetic.sk\/#\/schema\/logo\/image\/\"},\"sameAs\":[\"https:\/\/www.facebook.com\/Klinikaesthetic\",\"https:\/\/www.instagram.com\/klinikaesthetic\/\",\"https:\/\/www.youtube.com\/channel\/UC8AgtXNjHpne8qWdj9szu1A\"]}]}<\/script>\n<!-- \/ Yoast SEO plugin. -->","yoast_head_json":{"title":"| Esthetic Bratislava","description":"Ohrenchirurgie - Die Otoplastik ist eine \u00e4sthetische Operation zur Korrektur der Form oder der Winkelung der Ohren. Sie kann auch bei Kindern im Alter von 6 Jahren durchgef\u00fchrt werden.","robots":{"index":"index","follow":"follow","max-snippet":"max-snippet:-1","max-image-preview":"max-image-preview:large","max-video-preview":"max-video-preview:-1"},"canonical":"https:\/\/esthetic.sk\/de\/plastische-chirurgie\/gesicht\/ohrenkorrektur-otoplastik\/","og_locale":"de_DE","og_type":"article","og_title":"| Esthetic Bratislava","og_description":"Ohrenchirurgie - Die Otoplastik ist eine \u00e4sthetische Operation zur Korrektur der Form oder der Winkelung der Ohren. Sie kann auch bei Kindern im Alter von 6 Jahren durchgef\u00fchrt werden.","og_url":"https:\/\/esthetic.sk\/de\/plastische-chirurgie\/gesicht\/ohrenkorrektur-otoplastik\/","og_site_name":"Esthetic Bratislava","article_publisher":"https:\/\/www.facebook.com\/Klinikaesthetic","og_image":[{"width":1920,"height":1080,"url":"https:\/\/esthetic.sk\/wp-content\/uploads\/2019\/02\/big4.jpg","type":"image\/jpeg"}],"twitter_card":"summary_large_image","twitter_misc":{"Gesch\u00e4tzte Lesezeit":"1\u00a0Minute"},"schema":{"@context":"https:\/\/schema.org","@graph":[{"@type":"WebPage","@id":"https:\/\/esthetic.sk\/de\/plastische-chirurgie\/gesicht\/ohrenkorrektur-otoplastik\/","url":"https:\/\/esthetic.sk\/de\/plastische-chirurgie\/gesicht\/ohrenkorrektur-otoplastik\/","name":"| Esthetic Bratislava","isPartOf":{"@id":"https:\/\/esthetic.sk\/#website"},"primaryImageOfPage":{"@id":"https:\/\/esthetic.sk\/de\/plastische-chirurgie\/gesicht\/ohrenkorrektur-otoplastik\/#primaryimage"},"image":{"@id":"https:\/\/esthetic.sk\/de\/plastische-chirurgie\/gesicht\/ohrenkorrektur-otoplastik\/#primaryimage"},"thumbnailUrl":"https:\/\/esthetic.sk\/wp-content\/uploads\/2019\/02\/big4.jpg","datePublished":"2024-04-16T18:27:35+00:00","dateModified":"2024-04-16T18:27:35+00:00","description":"Ohrenchirurgie - Die Otoplastik ist eine \u00e4sthetische Operation zur Korrektur der Form oder der Winkelung der Ohren. Sie kann auch bei Kindern im Alter von 6 Jahren durchgef\u00fchrt werden.","breadcrumb":{"@id":"https:\/\/esthetic.sk\/de\/plastische-chirurgie\/gesicht\/ohrenkorrektur-otoplastik\/#breadcrumb"},"inLanguage":"de","potentialAction":[{"@type":"ReadAction","target":["https:\/\/esthetic.sk\/de\/plastische-chirurgie\/gesicht\/ohrenkorrektur-otoplastik\/"]}]},{"@type":"ImageObject","inLanguage":"de","@id":"https:\/\/esthetic.sk\/de\/plastische-chirurgie\/gesicht\/ohrenkorrektur-otoplastik\/#primaryimage","url":"https:\/\/esthetic.sk\/wp-content\/uploads\/2019\/02\/big4.jpg","contentUrl":"https:\/\/esthetic.sk\/wp-content\/uploads\/2019\/02\/big4.jpg","width":1920,"height":1080},{"@type":"BreadcrumbList","@id":"https:\/\/esthetic.sk\/de\/plastische-chirurgie\/gesicht\/ohrenkorrektur-otoplastik\/#breadcrumb","itemListElement":[{"@type":"ListItem","position":1,"name":"Home","item":"https:\/\/esthetic.sk\/"},{"@type":"ListItem","position":2,"name":"Plastische Chirurgie","item":"https:\/\/esthetic.sk\/de\/plastische-chirurgie\/"},{"@type":"ListItem","position":3,"name":"Gesicht","item":"https:\/\/esthetic.sk\/plastische-chirurgie\/gesicht\/"},{"@type":"ListItem","position":4,"name":"Ohrenkorrektur | Otoplastik"}]},{"@type":"WebSite","@id":"https:\/\/esthetic.sk\/#website","url":"https:\/\/esthetic.sk\/","name":"Esthetic Bratislava","description":"R\u00fdchla cesta k dokonal\u00e9mu vz\u013eadu","publisher":{"@id":"https:\/\/esthetic.sk\/#organization"},"potentialAction":[{"@type":"SearchAction","target":{"@type":"EntryPoint","urlTemplate":"https:\/\/esthetic.sk\/?s={search_term_string}"},"query-input":{"@type":"PropertyValueSpecification","valueRequired":true,"valueName":"search_term_string"}}],"inLanguage":"de"},{"@type":"Organization","@id":"https:\/\/esthetic.sk\/#organization","name":"Esthetic .s.r.o.","url":"https:\/\/esthetic.sk\/","logo":{"@type":"ImageObject","inLanguage":"de","@id":"https:\/\/esthetic.sk\/#\/schema\/logo\/image\/","url":"https:\/\/esthetic.sk\/wp-content\/uploads\/2019\/02\/logo-1.svg","contentUrl":"https:\/\/esthetic.sk\/wp-content\/uploads\/2019\/02\/logo-1.svg","width":1,"height":1,"caption":"Esthetic .s.r.o."},"image":{"@id":"https:\/\/esthetic.sk\/#\/schema\/logo\/image\/"},"sameAs":["https:\/\/www.facebook.com\/Klinikaesthetic","https:\/\/www.instagram.com\/klinikaesthetic\/","https:\/\/www.youtube.com\/channel\/UC8AgtXNjHpne8qWdj9szu1A"]}]}},"_links":{"self":[{"href":"https:\/\/esthetic.sk\/de\/wp-json\/wp\/v2\/pages\/5783"}],"collection":[{"href":"https:\/\/esthetic.sk\/de\/wp-json\/wp\/v2\/pages"}],"about":[{"href":"https:\/\/esthetic.sk\/de\/wp-json\/wp\/v2\/types\/page"}],"author":[{"embeddable":true,"href":"https:\/\/esthetic.sk\/de\/wp-json\/wp\/v2\/users\/1"}],"replies":[{"embeddable":true,"href":"https:\/\/esthetic.sk\/de\/wp-json\/wp\/v2\/comments?post=5783"}],"version-history":[{"count":0,"href":"https:\/\/esthetic.sk\/de\/wp-json\/wp\/v2\/pages\/5783\/revisions"}],"up":[{"embeddable":true,"href":"https:\/\/esthetic.sk\/de\/wp-json\/wp\/v2\/pages\/5609"}],"wp:featuredmedia":[{"embeddable":true,"href":"https:\/\/esthetic.sk\/de\/wp-json\/wp\/v2\/media\/5513"}],"wp:attachment":[{"href":"https:\/\/esthetic.sk\/de\/wp-json\/wp\/v2\/media?parent=5783"}],"curies":[{"name":"wp","href":"https:\/\/api.w.org\/{rel}","templated":true}]}}